{"id":1861,"date":"2026-04-20T20:31:00","date_gmt":"2026-04-20T23:31:00","guid":{"rendered":"https:\/\/acasadegalicia.uy\/sitio\/?page_id=1861"},"modified":"2026-04-26T13:20:29","modified_gmt":"2026-04-26T16:20:29","slug":"inicio-2","status":"publish","type":"page","link":"https:\/\/acasadegalicia.uy\/sitio\/","title":{"rendered":"Inicio"},"content":{"rendered":"\n<section id=\"wp-block-themeisle-blocks-advanced-columns-9f8848a6\" class=\"wp-block-themeisle-blocks-advanced-columns alignfull has-1-columns has-desktop-equal-layout has-tablet-equal-layout has-mobile-equal-layout has-vertical-center has-dark-bg\"><div class=\"wp-block-themeisle-blocks-advanced-columns-overlay\"><\/div><div class=\"innerblocks-wrap\">\n<div id=\"wp-block-themeisle-blocks-advanced-column-cedf80ca\" class=\"wp-block-themeisle-blocks-advanced-column\">\n<h2 id=\"wp-block-themeisle-blocks-advanced-heading-ddc7a054\" class=\"wp-block-themeisle-blocks-advanced-heading wp-block-themeisle-blocks-advanced-heading-ddc7a054\">Herederos del legado de Casa de Galicia, unidos por el amor a Galicia y su cultura.<\/h2>\n\n\n\n<div style=\"height:40px\" aria-hidden=\"true\" class=\"wp-block-spacer\"><\/div>\n\n\n\n<p class=\"has-theme-palette-9-color has-text-color has-link-color wp-elements-d971e6125bcf18018a8e84afd141b364\" style=\"font-size:16px\">Recuperamos el legado hist\u00f3rico y cultural de la mutua gallega Casa de Galicia de Montevideo. <br>Emigrantes, descendientes y amigos unidos por una identidad viva.<\/p>\n\n\n\n<div id=\"wp-block-themeisle-blocks-button-group-c6556822\" class=\"wp-block-themeisle-blocks-button-group wp-block-buttons\">\n<div id=\"wp-block-themeisle-blocks-button-06b24a9f\" class=\"wp-block-themeisle-blocks-button wp-block-button\"><a href=\"https:\/\/acasadegalicia.uy\/gestion\/public\/members\/new.php\" target=\"_blank\" rel=\"noopener noreferrer\" class=\"wp-block-button__link\"><svg xmlns=\"http:\/\/www.w3.org\/2000\/svg\" viewBox=\"0 0 1800 1800\" class=\"margin-right\"><path d=\"M872.831,1326.446c-1.999,0.113-3.853-0.183-5.733-0.53c-6.064-1.076-11.863-3.945-16.53-8.611 l-514.859-514.86c-5.852-5.855-9.138-13.792-9.138-22.068c0-8.275,3.287-16.212,9.142-22.067L455.5,638.535 c12.189-12.185,31.954-12.185,44.126,0l373.109,373.1l727.884-727.89c12.189-12.185,31.949-12.185,44.131,0l119.788,119.784 c5.855,5.851,9.142,13.792,9.142,22.067s-3.286,16.212-9.137,22.063l-869.649,869.645 C889.043,1323.155,881.106,1326.446,872.831,1326.446z M401.905,780.377l470.825,470.83l825.614-825.61l-75.657-75.653 l-727.885,727.889c-12.19,12.186-31.95,12.186-44.13,0L477.563,704.729L401.905,780.377z\"><\/path><path d=\"M1692.376,662.67c22.568,75.209,34.758,154.872,34.758,237.334c0,456.08-371.054,827.129-827.138,827.129 c-456.08,0-827.129-371.05-827.129-827.129c0-456.084,371.049-827.138,827.129-827.138c213.186,0,407.787,81.086,554.605,214.022 l44.161-44.165C1340.604,98.513,1130.391,10.456,899.996,10.456c-490.494,0-889.54,399.051-889.54,889.548 s399.046,889.54,889.54,889.54c490.498,0,889.548-399.042,889.548-889.54c0-100.372-16.734-196.909-47.517-286.985 L1692.376,662.67z\"><\/path><\/svg><span><strong>Asociate ahora<\/strong><\/span><\/a><\/div>\n\n\n\n<div id=\"wp-block-themeisle-blocks-button-39097580\" class=\"wp-block-themeisle-blocks-button wp-block-button\"><a href=\"https:\/\/acasadegalicia.uy\/sitio\/institucional\/\" target=\"_self\" rel=\"noopener noreferrer\" class=\"wp-block-button__link\"><svg xmlns=\"http:\/\/www.w3.org\/2000\/svg\" viewBox=\"0 0 1800 1800\" class=\"margin-right\"><path d=\"M404.006,1798.767H88.317c-46.674,0-84.646-37.972-84.646-84.646V85.879 c0-46.674,37.972-84.646,84.646-84.646h315.688c46.669,0,84.637,37.972,84.637,84.646v1628.242 C488.643,1760.795,450.675,1798.767,404.006,1798.767z M88.317,64.304c-11.896,0-21.575,9.679-21.575,21.575v1628.242 c0,11.896,9.679,21.574,21.575,21.574h315.688c11.892,0,21.566-9.678,21.566-21.574V85.879c0-11.896-9.674-21.575-21.566-21.575 H88.317z\"><\/path><path d=\"M246.157,1623.078c-69.556,0-126.142-56.586-126.142-126.141c0-69.557,56.586-126.143,126.142-126.143 s126.142,56.586,126.142,126.143C372.299,1566.492,315.713,1623.078,246.157,1623.078z M246.157,1433.866 c-34.778,0-63.07,28.293-63.07,63.071c0,34.777,28.292,63.07,63.07,63.07s63.071-28.293,63.071-63.07 C309.228,1462.159,280.935,1433.866,246.157,1433.866z\"><\/path><path d=\"M335.149,726.573H157.165c-17.418,0-31.535-14.118-31.535-31.535c0-17.418,14.117-31.536,31.535-31.536 h177.984c17.418,0,31.536,14.118,31.536,31.536C366.685,712.455,352.567,726.573,335.149,726.573z\"><\/path><path d=\"M335.149,591.422H157.165c-17.418,0-31.535-14.118-31.535-31.536s14.117-31.536,31.535-31.536h177.984 c17.418,0,31.536,14.118,31.536,31.536S352.567,591.422,335.149,591.422z\"><\/path><path d=\"M335.149,456.27H157.165c-17.418,0-31.535-14.118-31.535-31.536c0-17.417,14.117-31.535,31.535-31.535 h177.984c17.418,0,31.536,14.118,31.536,31.535C366.685,442.152,352.567,456.27,335.149,456.27z\"><\/path><path d=\"M335.149,321.119H157.165c-17.418,0-31.535-14.118-31.535-31.536c0-17.417,14.117-31.535,31.535-31.535 h177.984c17.418,0,31.536,14.118,31.536,31.535C366.685,307.001,352.567,321.119,335.149,321.119z\"><\/path><path d=\"M1057.852,1798.767h-315.69c-46.674,0-84.646-37.972-84.646-84.646V85.879 c0-46.674,37.972-84.646,84.646-84.646h315.69c46.67,0,84.637,37.972,84.637,84.646v1628.242 C1142.488,1760.795,1104.521,1798.767,1057.852,1798.767z M742.162,64.304c-11.896,0-21.575,9.679-21.575,21.575v1628.242 c0,11.896,9.679,21.574,21.575,21.574h315.69c11.893,0,21.566-9.678,21.566-21.574V85.879c0-11.896-9.674-21.575-21.566-21.575 H742.162z\"><\/path><path d=\"M899.997,1623.078c-69.556,0-126.142-56.586-126.142-126.141c0-69.557,56.586-126.143,126.142-126.143 c69.558,0,126.144,56.586,126.144,126.143C1026.141,1566.492,969.555,1623.078,899.997,1623.078z M899.997,1433.866 c-34.778,0-63.071,28.293-63.071,63.071c0,34.777,28.293,63.07,63.071,63.07c34.78,0,63.073-28.293,63.073-63.07 C963.07,1462.159,934.777,1433.866,899.997,1433.866z\"><\/path><path d=\"M988.992,726.573H811.005c-17.418,0-31.536-14.118-31.536-31.535c0-17.418,14.118-31.536,31.536-31.536 h177.987c17.416,0,31.535,14.118,31.535,31.536C1020.527,712.455,1006.408,726.573,988.992,726.573z\"><\/path><path d=\"M988.992,591.422H811.005c-17.418,0-31.536-14.118-31.536-31.536s14.118-31.536,31.536-31.536h177.987 c17.416,0,31.535,14.118,31.535,31.536S1006.408,591.422,988.992,591.422z\"><\/path><path d=\"M988.992,456.27H811.005c-17.418,0-31.536-14.118-31.536-31.536c0-17.417,14.118-31.535,31.536-31.535 h177.987c17.416,0,31.535,14.118,31.535,31.535C1020.527,442.152,1006.408,456.27,988.992,456.27z\"><\/path><path d=\"M988.992,321.119H811.005c-17.418,0-31.536-14.118-31.536-31.536c0-17.417,14.118-31.535,31.536-31.535 h177.987c17.416,0,31.535,14.118,31.535,31.535C1020.527,307.001,1006.408,321.119,988.992,321.119z\"><\/path><path d=\"M1711.691,1798.767h-315.688c-46.674,0-84.646-37.972-84.646-84.646V85.879 c0-46.674,37.973-84.646,84.646-84.646h315.688c46.67,0,84.637,37.972,84.637,84.646v1628.242 C1796.328,1760.795,1758.361,1798.767,1711.691,1798.767z M1396.004,64.304c-11.896,0-21.575,9.679-21.575,21.575v1628.242 c0,11.896,9.679,21.574,21.575,21.574h315.688c11.892,0,21.566-9.678,21.566-21.574V85.879c0-11.896-9.675-21.575-21.566-21.575 H1396.004z\"><\/path><path d=\"M1553.839,1623.078c-69.556,0-126.142-56.586-126.142-126.141c0-69.557,56.586-126.143,126.142-126.143 s126.142,56.586,126.142,126.143C1679.98,1566.492,1623.395,1623.078,1553.839,1623.078z M1553.839,1433.866 c-34.778,0-63.071,28.293-63.071,63.071c0,34.777,28.293,63.07,63.071,63.07s63.07-28.293,63.07-63.07 C1616.909,1462.159,1588.617,1433.866,1553.839,1433.866z\"><\/path><path d=\"M1642.831,726.573h-177.985c-17.417,0-31.535-14.118-31.535-31.535c0-17.418,14.118-31.536,31.535-31.536 h177.985c17.417,0,31.535,14.118,31.535,31.536C1674.366,712.455,1660.248,726.573,1642.831,726.573z\"><\/path><path d=\"M1642.831,591.422h-177.985c-17.417,0-31.535-14.118-31.535-31.536s14.118-31.536,31.535-31.536h177.985 c17.417,0,31.535,14.118,31.535,31.536S1660.248,591.422,1642.831,591.422z\"><\/path><path d=\"M1642.831,456.27h-177.985c-17.417,0-31.535-14.118-31.535-31.536c0-17.417,14.118-31.535,31.535-31.535 h177.985c17.417,0,31.535,14.118,31.535,31.535C1674.366,442.152,1660.248,456.27,1642.831,456.27z\"><\/path><path d=\"M1642.831,321.119h-177.985c-17.417,0-31.535-14.118-31.535-31.536c0-17.417,14.118-31.535,31.535-31.535 h177.985c17.417,0,31.535,14.118,31.535,31.535C1674.366,307.001,1660.248,321.119,1642.831,321.119z\"><\/path><\/svg><span><strong>Conoc\u00e9 nuestra historia<\/strong><\/span><\/a><\/div>\n<\/div>\n<\/div>\n<\/div><\/section>\n\n\n\n<div id=\"wp-block-themeisle-blocks-advanced-columns-6a37d25b\" class=\"wp-block-themeisle-blocks-advanced-columns has-4-columns has-desktop-equal-layout has-tablet-equal-layout has-mobile-collapsedRows-layout has-vertical-unset\"><div class=\"wp-block-themeisle-blocks-advanced-columns-overlay\"><\/div><div class=\"innerblocks-wrap\">\n<div id=\"wp-block-themeisle-blocks-advanced-column-e854cff3\" class=\"wp-block-themeisle-blocks-advanced-column has-dark-bg\">\n<h1 class=\"wp-block-heading has-text-align-center has-theme-palette-8-color has-text-color has-link-color has-large-font-size wp-elements-6f52e6e53771511cffb7258f318389ed\" style=\"margin-top:0px;margin-bottom:0px\">+600<\/h1>\n\n\n\n<p class=\"has-text-align-center has-theme-palette-7-color has-text-color has-link-color has-small-font-size wp-elements-5d7d89ad3a3facde0ff2119fffa05d6d\" style=\"margin-top:-12px\">SOCIOS<\/p>\n<\/div>\n\n\n\n<div id=\"wp-block-themeisle-blocks-advanced-column-9bc6d3e3\" class=\"wp-block-themeisle-blocks-advanced-column has-dark-bg\">\n<h2 class=\"wp-block-heading has-text-align-center has-theme-palette-9-color has-text-color has-link-color has-large-font-size wp-elements-08ea10930d256c8e62e58c56fcfa906b\" style=\"margin-top:0px;margin-bottom:0px\">2022<\/h2>\n\n\n\n<p class=\"has-text-align-center has-theme-palette-7-color has-text-color has-link-color has-small-font-size wp-elements-04430730acf6df35ea84800ce005c4b9\" style=\"margin-top:-12px\">FUNDACI\u00d3N<\/p>\n<\/div>\n\n\n\n<div id=\"wp-block-themeisle-blocks-advanced-column-3ed6fb0a\" class=\"wp-block-themeisle-blocks-advanced-column has-dark-bg\">\n<h2 class=\"wp-block-heading has-text-align-center has-theme-palette-9-color has-text-color has-link-color has-large-font-size wp-elements-890aadcf4a4953213147c5407dff6497\" style=\"margin-top:0px;margin-bottom:0px\">12+<\/h2>\n\n\n\n<p class=\"has-text-align-center has-theme-palette-7-color has-text-color has-link-color has-small-font-size wp-elements-44298027697887279d0fd0d87ff2f505\" style=\"margin-top:-12px\">ACTIVIDADES ANUALES<\/p>\n<\/div>\n\n\n\n<div id=\"wp-block-themeisle-blocks-advanced-column-87f94eee\" class=\"wp-block-themeisle-blocks-advanced-column has-dark-bg\">\n<h2 class=\"wp-block-heading has-text-align-center has-theme-palette-9-color has-text-color has-link-color has-large-font-size wp-elements-dea7f03acd82cbf5dee1a9ee7f72f69b\" style=\"margin-top:0px;margin-bottom:0px\">+100<\/h2>\n\n\n\n<p class=\"has-text-align-center has-theme-palette-7-color has-text-color has-link-color has-small-font-size wp-elements-606f718cd907e9cc2646bf7291de65f1\" style=\"margin-top:-12px\">A\u00d1OS DE HISTORIA<\/p>\n<\/div>\n<\/div><\/div>\n\n\n\n<div id=\"wp-block-themeisle-blocks-advanced-columns-eb0e30fd\" class=\"wp-block-themeisle-blocks-advanced-columns has-1-columns has-desktop-equal-layout has-tablet-equal-layout has-mobile-equal-layout has-vertical-unset\"><div class=\"wp-block-themeisle-blocks-advanced-columns-overlay\"><\/div><div class=\"innerblocks-wrap\">\n<div id=\"wp-block-themeisle-blocks-advanced-column-abf30171\" class=\"wp-block-themeisle-blocks-advanced-column has-light-bg\">\n<div class=\"sec-label-custom\">\n  <span>LO QUE HACEMOS<\/span>\n  <span class=\"linea\"><\/span>\n<\/div>\n\n<style>\n.sec-label-custom {\n  display: flex;\n  align-items: center;\n  gap: 12px;\n  margin-bottom: 8px;\n  margin-top: 10px;\n}\n.sec-label-custom span:first-child {\n  font-size: 11px;\n  font-weight: 700;\n  letter-spacing: 3px;\n  color: #c0111a;\n  text-transform: uppercase;\n  font-family: 'Cinzel', serif;\n  margin-top: 10px;\n  margin-left: 20px;\n}\n.sec-label-custom .linea {\n  display: block;\n  width: 80%;\n  height: 2px;\n  background: #c0111a;\n  opacity: 0.5;\n  margin-top: 10px;\n}\n<\/style>\n\n\n\n<h2 class=\"wp-block-heading has-text-align-left has-theme-palette-1-color has-text-color has-link-color has-large-font-size wp-elements-63d8421e620a7c3f8e08be07376bd67a\" style=\"margin-top:-5px;margin-left:var(--wp--preset--spacing--30)\"> Actividades culturales y sociales<\/h2>\n<\/div>\n<\/div><\/div>\n\n\n<style>.kb-row-layout-id1861_151b27-6a > .kt-row-column-wrap{align-content:start;}:where(.kb-row-layout-id1861_151b27-6a > .kt-row-column-wrap) > .wp-block-kadence-column{justify-content:start;}.kb-row-layout-id1861_151b27-6a > .kt-row-column-wrap{column-gap:var(--global-kb-gap-sm, 1rem);row-gap:var(--global-kb-gap-none, 0rem );padding-top:var(--global-kb-spacing-sm, 1.5rem);padding-bottom:var(--global-kb-spacing-sm, 1.5rem);}.kb-row-layout-id1861_151b27-6a > .kt-row-column-wrap > div:not(.added-for-specificity){grid-column:initial;}.kb-row-layout-id1861_151b27-6a > .kt-row-column-wrap{grid-template-columns:repeat(3, minmax(0, 1fr));}.kb-row-layout-id1861_151b27-6a > .kt-row-layout-overlay{opacity:0.30;}@media all and (max-width: 1024px){.kb-row-layout-id1861_151b27-6a > .kt-row-column-wrap > div:not(.added-for-specificity){grid-column:initial;}}@media all and (max-width: 1024px){.kb-row-layout-id1861_151b27-6a > .kt-row-column-wrap{grid-template-columns:repeat(3, minmax(0, 1fr));}}@media all and (max-width: 767px){.kb-row-layout-id1861_151b27-6a > .kt-row-column-wrap > div:not(.added-for-specificity){grid-column:initial;}.kb-row-layout-id1861_151b27-6a > .kt-row-column-wrap{grid-template-columns:minmax(0, 1fr);}}<\/style><div class=\"kb-row-layout-wrap kb-row-layout-id1861_151b27-6a alignnone has-theme-palette7-background-color kt-row-has-bg wp-block-kadence-rowlayout\"><div class=\"kt-row-column-wrap kt-has-3-columns kt-row-layout-equal kt-tab-layout-inherit kt-mobile-layout-row kt-row-valign-top\">\n<style>.kadence-column1861_a31eb0-35 > .kt-inside-inner-col,.kadence-column1861_a31eb0-35 > .kt-inside-inner-col:before{border-top-left-radius:0px;border-top-right-radius:0px;border-bottom-right-radius:0px;border-bottom-left-radius:0px;}.kadence-column1861_a31eb0-35 > .kt-inside-inner-col{column-gap:var(--global-kb-gap-sm, 1rem);}.kadence-column1861_a31eb0-35 > .kt-inside-inner-col{flex-direction:column;}.kadence-column1861_a31eb0-35 > .kt-inside-inner-col > .aligncenter{width:100%;}.kadence-column1861_a31eb0-35 > .kt-inside-inner-col:before{opacity:0.3;}.kadence-column1861_a31eb0-35{position:relative;}@media all and (max-width: 1024px){.kadence-column1861_a31eb0-35 > .kt-inside-inner-col{flex-direction:column;justify-content:center;}}@media all and (max-width: 767px){.kadence-column1861_a31eb0-35 > .kt-inside-inner-col{flex-direction:column;justify-content:center;}}<\/style>\n<div class=\"wp-block-kadence-column kadence-column1861_a31eb0-35\"><div class=\"kt-inside-inner-col\">\n<div style=\"background:white; border-top: 3px solid #1a2a6c; border-radius: 0 0 6px 6px; padding: 20px 16px; box-shadow: 0 1px 4px rgba(0,0,0,0.06);\">\n  <div style=\"font-size: 22px; margin-bottom: 10px;\">&#x1f3b6;<\/div>\n  <div style=\"font-family: 'Cinzel', serif; font-size: 13px; font-weight: 600; color: #1a2a6c; letter-spacing: 0.5px; margin-bottom: 8px;\">M\u00daSICA TRADICIONAL<\/div>\n  <div style=\"font-size: 14px; color: #555; line-height: 1.6;\">Clases de canto, pandereta y instrumentos gallegos tradicionales.<\/div>\n<\/div>\n<\/div><\/div>\n\n\n<style>.kadence-column1861_ddeb79-c7 > .kt-inside-inner-col,.kadence-column1861_ddeb79-c7 > .kt-inside-inner-col:before{border-top-left-radius:0px;border-top-right-radius:0px;border-bottom-right-radius:0px;border-bottom-left-radius:0px;}.kadence-column1861_ddeb79-c7 > .kt-inside-inner-col{column-gap:var(--global-kb-gap-sm, 1rem);}.kadence-column1861_ddeb79-c7 > .kt-inside-inner-col{flex-direction:column;}.kadence-column1861_ddeb79-c7 > .kt-inside-inner-col > .aligncenter{width:100%;}.kadence-column1861_ddeb79-c7 > .kt-inside-inner-col:before{opacity:0.3;}.kadence-column1861_ddeb79-c7{position:relative;}@media all and (max-width: 1024px){.kadence-column1861_ddeb79-c7 > .kt-inside-inner-col{flex-direction:column;justify-content:center;}}@media all and (max-width: 767px){.kadence-column1861_ddeb79-c7 > .kt-inside-inner-col{flex-direction:column;justify-content:center;}}<\/style>\n<div class=\"wp-block-kadence-column kadence-column1861_ddeb79-c7\"><div class=\"kt-inside-inner-col\">\n<div style=\"background:white; border-top: 3px solid #c0111a; border-radius: 0 0 6px 6px; padding: 20px 16px; box-shadow: 0 1px 4px rgba(0,0,0,0.06);\">\n  <div style=\"font-size: 22px; margin-bottom: 10px;\">&#x1f4da;<\/div>\n  <div style=\"font-family: 'Cinzel', serif; font-size: 13px; font-weight: 600; color: #1a2a6c; letter-spacing: 0.5px; margin-bottom: 8px;\">LENGUA Y CULTURA<\/div>\n  <div style=\"font-size: 14px; color: #555; line-height: 1.6;\">Actvidades culturales en gallego, historia y patrimonio de la emigraci\u00f3n gallega.<\/div>\n<\/div>\n<\/div><\/div>\n\n\n<style>.kadence-column1861_472167-c1 > .kt-inside-inner-col,.kadence-column1861_472167-c1 > .kt-inside-inner-col:before{border-top-left-radius:0px;border-top-right-radius:0px;border-bottom-right-radius:0px;border-bottom-left-radius:0px;}.kadence-column1861_472167-c1 > .kt-inside-inner-col{column-gap:var(--global-kb-gap-sm, 1rem);}.kadence-column1861_472167-c1 > .kt-inside-inner-col{flex-direction:column;}.kadence-column1861_472167-c1 > .kt-inside-inner-col > .aligncenter{width:100%;}.kadence-column1861_472167-c1 > .kt-inside-inner-col:before{opacity:0.3;}.kadence-column1861_472167-c1{position:relative;}@media all and (max-width: 1024px){.kadence-column1861_472167-c1 > .kt-inside-inner-col{flex-direction:column;justify-content:center;}}@media all and (max-width: 767px){.kadence-column1861_472167-c1 > .kt-inside-inner-col{flex-direction:column;justify-content:center;}}<\/style>\n<div class=\"wp-block-kadence-column kadence-column1861_472167-c1\"><div class=\"kt-inside-inner-col\">\n<div style=\"background:white; border-top: 3px solid #2d5986; border-radius: 0 0 6px 6px; padding: 20px 16px; box-shadow: 0 1px 4px rgba(0,0,0,0.06);\">\n  <div style=\"font-size: 22px; margin-bottom: 10px;\">&#x1f91d;<\/div>\n  <div style=\"font-family: 'Cinzel', serif; font-size: 13px; font-weight: 600; color: #1a2a6c; letter-spacing: 0.5px; margin-bottom: 8px;\">COMUNIDAD<\/div>\n  <div style=\"font-size: 14px; color: #555; line-height: 1.6;\">Encuentros, celebraciones, camarader\u00eda y juegos.<\/div>\n<\/div>\n<\/div><\/div>\n\n<\/div><\/div>\n\n\n<div class=\"sec-label-custom\">\n  <span>AGENDA<\/span>\n  <span class=\"linea\"><\/span>\n<\/div>\n\n<style>\n.sec-label-custom {\n  display: flex;\n  align-items: center;\n  gap: 12px;\n  margin-bottom: 8px;\n  margin-top: 10px;\n}\n.sec-label-custom span:first-child {\n  font-size: 11px;\n  font-weight: 700;\n  letter-spacing: 3px;\n  color: #c0111a;\n  text-transform: uppercase;\n  font-family: 'Cinzel', serif;\n  margin-top: 10px;\n  margin-left: 20px;\n}\n.sec-label-custom .linea {\n  display: block;\n  width: 80%;\n  height: 2px;\n  background: #c0111a;\n  opacity: 0.5;\n  margin-top: 10px;\n}\n<\/style>\n\n\n\n<h2 class=\"wp-block-heading has-theme-palette-1-color has-text-color has-link-color has-large-font-size wp-elements-660f17c5440be16748dfa42245aa7e4b\" style=\"margin-top:-5px;margin-left:var(--wp--preset--spacing--30)\">  Pr\u00f3ximos eventos<\/h2>\n\n\n<style>.kb-row-layout-id1861_d5bc55-e0 > .kt-row-column-wrap{align-content:start;}:where(.kb-row-layout-id1861_d5bc55-e0 > .kt-row-column-wrap) > .wp-block-kadence-column{justify-content:start;}.kb-row-layout-id1861_d5bc55-e0 > .kt-row-column-wrap{column-gap:var(--global-kb-gap-md, 2rem);row-gap:var(--global-kb-gap-md, 2rem);padding-top:var(--global-kb-spacing-sm, 1.5rem);padding-bottom:var(--global-kb-spacing-sm, 1.5rem);grid-template-columns:minmax(0, 1fr);}.kb-row-layout-id1861_d5bc55-e0 > .kt-row-layout-overlay{opacity:0.30;}@media all and (max-width: 1024px){.kb-row-layout-id1861_d5bc55-e0 > .kt-row-column-wrap{grid-template-columns:minmax(0, 1fr);}}@media all and (max-width: 767px){.kb-row-layout-id1861_d5bc55-e0 > .kt-row-column-wrap{grid-template-columns:minmax(0, 1fr);}}<\/style><div class=\"kb-row-layout-wrap kb-row-layout-id1861_d5bc55-e0 alignnone wp-block-kadence-rowlayout\"><div class=\"kt-row-column-wrap kt-has-1-columns kt-row-layout-equal kt-tab-layout-inherit kt-mobile-layout-row kt-row-valign-top\">\n<style>.kadence-column1861_1aec99-e7 > .kt-inside-inner-col,.kadence-column1861_1aec99-e7 > .kt-inside-inner-col:before{border-top-left-radius:0px;border-top-right-radius:0px;border-bottom-right-radius:0px;border-bottom-left-radius:0px;}.kadence-column1861_1aec99-e7 > .kt-inside-inner-col{column-gap:var(--global-kb-gap-sm, 1rem);}.kadence-column1861_1aec99-e7 > .kt-inside-inner-col{flex-direction:column;}.kadence-column1861_1aec99-e7 > .kt-inside-inner-col > .aligncenter{width:100%;}.kadence-column1861_1aec99-e7 > .kt-inside-inner-col:before{opacity:0.3;}.kadence-column1861_1aec99-e7{position:relative;}@media all and (max-width: 1024px){.kadence-column1861_1aec99-e7 > .kt-inside-inner-col{flex-direction:column;justify-content:center;}}@media all and (max-width: 767px){.kadence-column1861_1aec99-e7 > .kt-inside-inner-col{flex-direction:column;justify-content:center;}}<\/style>\n<div class=\"wp-block-kadence-column kadence-column1861_1aec99-e7\"><div class=\"kt-inside-inner-col\">\n<div  class=\"tribe-compatibility-container\" >\n\t<div\n\t\t class=\"tribe-common tribe-events tribe-events-view tribe-events-view--widget-events-list tribe-events-widget\" \t\tdata-js=\"tribe-events-view\"\n\t\tdata-view-rest-url=\"https:\/\/acasadegalicia.uy\/sitio\/wp-json\/tribe\/views\/v2\/html\"\n\t\tdata-view-manage-url=\"1\"\n\t\t\t\t\t\t\tdata-view-breakpoint-pointer=\"471995e1-35ea-4e1d-94ec-52ba87abdddd\"\n\t\t\t>\n\t\t<div class=\"tribe-events-widget-events-list\">\n\n\t\t\t<script type=\"application\/ld+json\">\r\n[{\"@context\":\"http:\/\/schema.org\",\"@type\":\"Event\",\"name\":\"Taller de folklore y pandereta gallega para ni\\u00f1os y ni\\u00f1as\",\"description\":\"&lt;p&gt;Que los m\\u00e1s peque\\u00f1os de la casa crezcan con Galicia en el coraz\\u00f3n. Las Profesoras Victoria Gonz\\u00e1lez y Andi Russo los invitan a aprender folklore y pandereta de una forma divertida, colorida y llena de movimiento. El mejor regalo que pod\\u00e9s darles: ra\\u00edces.&lt;\/p&gt;\\\\n\",\"image\":\"https:\/\/mlqp0balqxgu.i.optimole.com\/w:auto\/h:auto\/q:mauto\/f:best\/https:\/\/acasadegalicia.uy\/sitio\/wp-content\/uploads\/2026\/04\/folklore-ninos.png\",\"url\":\"https:\/\/acasadegalicia.uy\/sitio\/evento\/taller-de-folklore-y-pandereta-gallega-para-ninos-y-ninas\/2026-04-29\/\",\"eventAttendanceMode\":\"https:\/\/schema.org\/OfflineEventAttendanceMode\",\"eventStatus\":\"https:\/\/schema.org\/EventScheduled\",\"startDate\":\"2026-04-29T18:00:00-03:00\",\"endDate\":\"2026-04-29T19:00:00-03:00\",\"location\":{\"@type\":\"Place\",\"name\":\"Sede Ourens\\u00e1n\",\"description\":\"\",\"url\":\"https:\/\/acasadegalicia.uy\/sitio\/recinto\/sede-ourensan\/\",\"address\":{\"@type\":\"PostalAddress\",\"streetAddress\":\"Ana Monterroso de Lavalleja 2014\",\"addressLocality\":\"Montevideo\",\"addressRegion\":\"Montevideo\",\"postalCode\":\"11000\",\"addressCountry\":\"Uruguay\"},\"telephone\":\"\",\"sameAs\":\"https:\/\/www.acasadegalicia.uy\"},\"organizer\":{\"@type\":\"Person\",\"name\":\"A Casa de Galicia\",\"description\":\"\",\"url\":\"http:\/\/www.acasadegalicia.uy\",\"telephone\":\"\",\"email\":\"i&#110;&#102;&#111;&#64;a&#99;a&#115;a&#100;&#101;g&#97;l&#105;&#99;&#105;a&#46;&#117;&#121;\",\"sameAs\":\"http:\/\/www.acasadegalicia.uy\"},\"performer\":\"Organization\"},{\"@context\":\"http:\/\/schema.org\",\"@type\":\"Event\",\"name\":\"Canto tradicional y pandereta\",\"description\":\"&lt;p&gt;La voz es el instrumento m\\u00e1s antiguo de Galicia. Con la Profesora Andi Russo, vas a descubrir el canto tradicional gallego y la pandereta en un ambiente c\\u00e1lido, sin importar si nunca cantaste antes. Cada mi\\u00e9rcoles, un espacio para encontrarte con tu propia m\\u00fasica.&lt;\/p&gt;\\\\n\",\"image\":\"https:\/\/mlqp0balqxgu.i.optimole.com\/w:auto\/h:auto\/q:mauto\/f:best\/https:\/\/acasadegalicia.uy\/sitio\/wp-content\/uploads\/2023\/07\/canto-pandereta.png\",\"url\":\"https:\/\/acasadegalicia.uy\/sitio\/evento\/canto-pandereta-pandeiro-pandeira-e-instrumentos-gallegos-2-3\/2026-04-29\/\",\"eventAttendanceMode\":\"https:\/\/schema.org\/OfflineEventAttendanceMode\",\"eventStatus\":\"https:\/\/schema.org\/EventScheduled\",\"startDate\":\"2026-04-29T19:00:00-03:00\",\"endDate\":\"2026-04-29T20:30:00-03:00\",\"location\":{\"@type\":\"Place\",\"name\":\"Sede Ourens\\u00e1n\",\"description\":\"\",\"url\":\"https:\/\/acasadegalicia.uy\/sitio\/recinto\/sede-ourensan\/\",\"address\":{\"@type\":\"PostalAddress\",\"streetAddress\":\"Ana Monterroso de Lavalleja 2014\",\"addressLocality\":\"Montevideo\",\"addressRegion\":\"Montevideo\",\"postalCode\":\"11000\",\"addressCountry\":\"Uruguay\"},\"telephone\":\"\",\"sameAs\":\"https:\/\/www.acasadegalicia.uy\"},\"organizer\":{\"@type\":\"Person\",\"name\":\"A Casa de Galicia\",\"description\":\"\",\"url\":\"http:\/\/www.acasadegalicia.uy\",\"telephone\":\"\",\"email\":\"&#105;n&#102;o&#64;aca&#115;&#97;&#100;&#101;g&#97;&#108;ic&#105;a&#46;u&#121;\",\"sameAs\":\"http:\/\/www.acasadegalicia.uy\"},\"performer\":\"Organization\"},{\"@context\":\"http:\/\/schema.org\",\"@type\":\"Event\",\"name\":\"Gaita y Percusi\\u00f3n Gallega\",\"description\":\"&lt;p&gt;El sonido de la gaita es el latido de Galicia. Si siempre quisiste aprenderlo, este es tu momento. El Profesor Carlos Gonz\\u00e1lez te gu\\u00eda cada lunes para que descubras la m\\u00fasica tradicional gallega desde adentro \\u2014 sin apuros, con comunidad y mucho alma. Abierto a todos los niveles.&lt;\/p&gt;\\\\n\",\"image\":\"https:\/\/mlqp0balqxgu.i.optimole.com\/w:auto\/h:auto\/q:mauto\/f:best\/https:\/\/acasadegalicia.uy\/sitio\/wp-content\/uploads\/2026\/04\/gaita-percusion.png\",\"url\":\"https:\/\/acasadegalicia.uy\/sitio\/evento\/gaita-y-percusion-gallega\/2026-05-04\/\",\"eventAttendanceMode\":\"https:\/\/schema.org\/OfflineEventAttendanceMode\",\"eventStatus\":\"https:\/\/schema.org\/EventScheduled\",\"startDate\":\"2026-05-04T18:30:00-03:00\",\"endDate\":\"2026-05-04T20:30:00-03:00\",\"location\":{\"@type\":\"Place\",\"name\":\"Sede Ourens\\u00e1n\",\"description\":\"\",\"url\":\"https:\/\/acasadegalicia.uy\/sitio\/recinto\/sede-ourensan\/\",\"address\":{\"@type\":\"PostalAddress\",\"streetAddress\":\"Ana Monterroso de Lavalleja 2014\",\"addressLocality\":\"Montevideo\",\"addressRegion\":\"Montevideo\",\"postalCode\":\"11000\",\"addressCountry\":\"Uruguay\"},\"telephone\":\"\",\"sameAs\":\"https:\/\/www.acasadegalicia.uy\"},\"organizer\":{\"@type\":\"Person\",\"name\":\"A Casa de Galicia\",\"description\":\"\",\"url\":\"http:\/\/www.acasadegalicia.uy\",\"telephone\":\"\",\"email\":\"i&#110;f&#111;&#64;a&#99;&#97;&#115;&#97;degali&#99;&#105;a.&#117;&#121;\",\"sameAs\":\"http:\/\/www.acasadegalicia.uy\"},\"performer\":\"Organization\"}]\r\n<\/script>\n\t\t\t<script data-js=\"tribe-events-view-data\" type=\"application\/json\">\n\t{\"slug\":\"widget-events-list\",\"prev_url\":\"\",\"next_url\":\"https:\\\/\\\/acasadegalicia.uy\\\/sitio\\\/?post_type=tribe_events&eventDisplay=widget-events-list&paged=2\",\"view_class\":\"Tribe\\\\Events\\\\Views\\\\V2\\\\Views\\\\Widgets\\\\Widget_List_View\",\"view_slug\":\"widget-events-list\",\"view_label\":\"View\",\"view\":null,\"should_manage_url\":true,\"id\":null,\"alias-slugs\":null,\"title\":\"Eventos en 29 abril \\u2013 4 mayo \\u2013 A Casa de Galicia\",\"limit\":\"3\",\"no_upcoming_events\":false,\"featured_events_only\":false,\"jsonld_enable\":true,\"tribe_is_list_widget\":false,\"admin_fields\":{\"title\":{\"label\":\"T\\u00edtulo:\",\"type\":\"text\",\"parent_classes\":\"\",\"classes\":\"\",\"dependency\":\"\",\"id\":\"widget-tribe-widget-events-list--1-title\",\"name\":\"widget-tribe-widget-events-list[-1][title]\",\"options\":[],\"placeholder\":\"\",\"value\":null},\"limit\":{\"label\":\"Mostrar:\",\"type\":\"number\",\"default\":5,\"min\":1,\"max\":10,\"step\":1,\"parent_classes\":\"\",\"classes\":\"\",\"dependency\":\"\",\"id\":\"widget-tribe-widget-events-list--1-limit\",\"name\":\"widget-tribe-widget-events-list[-1][limit]\",\"options\":[],\"placeholder\":\"\",\"value\":null},\"metadata_section\":{\"type\":\"fieldset\",\"classes\":\"tribe-common-form-control-checkbox-checkbox-group\",\"label\":\"Mostrar:\",\"children\":{\"cost\":{\"type\":\"checkbox\",\"label\":\"Price\",\"parent_classes\":\"\",\"classes\":\"\",\"dependency\":\"\",\"id\":\"widget-tribe-widget-events-list--1-cost\",\"name\":\"widget-tribe-widget-events-list[-1][cost]\",\"options\":[],\"placeholder\":\"\",\"value\":null},\"venue\":{\"type\":\"checkbox\",\"label\":\"Venue\",\"parent_classes\":\"\",\"classes\":\"\",\"dependency\":\"\",\"id\":\"widget-tribe-widget-events-list--1-venue\",\"name\":\"widget-tribe-widget-events-list[-1][venue]\",\"options\":[],\"placeholder\":\"\",\"value\":null},\"street\":{\"type\":\"checkbox\",\"label\":\"Street\",\"parent_classes\":\"\",\"classes\":\"\",\"dependency\":\"\",\"id\":\"widget-tribe-widget-events-list--1-street\",\"name\":\"widget-tribe-widget-events-list[-1][street]\",\"options\":[],\"placeholder\":\"\",\"value\":null},\"city\":{\"type\":\"checkbox\",\"label\":\"City\",\"parent_classes\":\"\",\"classes\":\"\",\"dependency\":\"\",\"id\":\"widget-tribe-widget-events-list--1-city\",\"name\":\"widget-tribe-widget-events-list[-1][city]\",\"options\":[],\"placeholder\":\"\",\"value\":null},\"region\":{\"type\":\"checkbox\",\"label\":\"State (US) Or Province (Int)\",\"parent_classes\":\"\",\"classes\":\"\",\"dependency\":\"\",\"id\":\"widget-tribe-widget-events-list--1-region\",\"name\":\"widget-tribe-widget-events-list[-1][region]\",\"options\":[],\"placeholder\":\"\",\"value\":null},\"zip\":{\"type\":\"checkbox\",\"label\":\"Postal Code\",\"parent_classes\":\"\",\"classes\":\"\",\"dependency\":\"\",\"id\":\"widget-tribe-widget-events-list--1-zip\",\"name\":\"widget-tribe-widget-events-list[-1][zip]\",\"options\":[],\"placeholder\":\"\",\"value\":null},\"country\":{\"type\":\"checkbox\",\"label\":\"Country\",\"parent_classes\":\"\",\"classes\":\"\",\"dependency\":\"\",\"id\":\"widget-tribe-widget-events-list--1-country\",\"name\":\"widget-tribe-widget-events-list[-1][country]\",\"options\":[],\"placeholder\":\"\",\"value\":null},\"phone\":{\"type\":\"checkbox\",\"label\":\"Phone\",\"parent_classes\":\"\",\"classes\":\"\",\"dependency\":\"\",\"id\":\"widget-tribe-widget-events-list--1-phone\",\"name\":\"widget-tribe-widget-events-list[-1][phone]\",\"options\":[],\"placeholder\":\"\",\"value\":null},\"organizer\":{\"type\":\"checkbox\",\"label\":\"Organizer\",\"parent_classes\":\"\",\"classes\":\"\",\"dependency\":\"\",\"id\":\"widget-tribe-widget-events-list--1-organizer\",\"name\":\"widget-tribe-widget-events-list[-1][organizer]\",\"options\":[],\"placeholder\":\"\",\"value\":null},\"website\":{\"type\":\"checkbox\",\"label\":\"Web\",\"parent_classes\":\"\",\"classes\":\"\",\"dependency\":\"\",\"id\":\"widget-tribe-widget-events-list--1-website\",\"name\":\"widget-tribe-widget-events-list[-1][website]\",\"options\":[],\"placeholder\":\"\",\"value\":null}},\"parent_classes\":\"\",\"dependency\":\"\",\"id\":\"widget-tribe-widget-events-list--1-metadata_section\",\"name\":\"widget-tribe-widget-events-list[-1][metadata_section]\",\"options\":[],\"placeholder\":\"\",\"value\":null},\"taxonomy_section\":{\"type\":\"section\",\"classes\":[\"calendar-widget-filters-container\"],\"label\":\"Filtros:\",\"children\":{\"filters\":{\"type\":\"taxonomy-filters\",\"parent_classes\":\"\",\"classes\":\"\",\"dependency\":\"\",\"id\":\"widget-tribe-widget-events-list--1-filters\",\"label\":\"\",\"name\":\"widget-tribe-widget-events-list[-1][filters]\",\"options\":[],\"placeholder\":\"\",\"value\":null,\"list_items\":[]},\"operand\":{\"type\":\"fieldset\",\"classes\":\"tribe-common-form-control-checkbox-radio-group\",\"label\":\"Operand:\",\"selected\":\"OR\",\"children\":[{\"type\":\"radio\",\"label\":\"Match any\",\"button_value\":\"OR\",\"parent_classes\":\"\",\"classes\":\"\",\"dependency\":\"\",\"id\":\"widget-tribe-widget-events-list--1-operand\",\"name\":\"widget-tribe-widget-events-list[-1][operand]\",\"options\":[],\"placeholder\":\"\",\"value\":null},{\"type\":\"radio\",\"label\":\"Match all\",\"button_value\":\"AND\",\"parent_classes\":\"\",\"classes\":\"\",\"dependency\":\"\",\"id\":\"widget-tribe-widget-events-list--1-operand\",\"name\":\"widget-tribe-widget-events-list[-1][operand]\",\"options\":[],\"placeholder\":\"\",\"value\":null}],\"parent_classes\":\"\",\"dependency\":\"\",\"id\":\"widget-tribe-widget-events-list--1-operand\",\"name\":\"widget-tribe-widget-events-list[-1][operand]\",\"options\":[],\"placeholder\":\"\",\"value\":null}},\"parent_classes\":\"\",\"dependency\":\"\",\"id\":\"widget-tribe-widget-events-list--1-taxonomy_section\",\"name\":\"widget-tribe-widget-events-list[-1][taxonomy_section]\",\"options\":[],\"placeholder\":\"\",\"value\":null},\"taxonomy\":{\"type\":\"taxonomy\",\"classes\":\"calendar-widget-add-filter\",\"label\":\"Agregar un filtro:\",\"placeholder\":\"Select a Taxonomy Term\",\"parent_classes\":\"\",\"dependency\":\"\",\"id\":\"widget-tribe-widget-events-list--1-taxonomy\",\"name\":\"widget-tribe-widget-events-list[-1][taxonomy]\",\"options\":[],\"value\":null},\"no_upcoming_events\":{\"label\":\"Ocultar este widget si no hay pr\\u00f3ximos eventos.\",\"type\":\"checkbox\",\"parent_classes\":\"\",\"classes\":\"\",\"dependency\":\"\",\"id\":\"widget-tribe-widget-events-list--1-no_upcoming_events\",\"name\":\"widget-tribe-widget-events-list[-1][no_upcoming_events]\",\"options\":[],\"placeholder\":\"\",\"value\":null},\"featured_events_only\":{\"label\":\"Limitar a solo eventos destacados\",\"type\":\"checkbox\",\"parent_classes\":\"\",\"classes\":\"\",\"dependency\":\"\",\"id\":\"widget-tribe-widget-events-list--1-featured_events_only\",\"name\":\"widget-tribe-widget-events-list[-1][featured_events_only]\",\"options\":[],\"placeholder\":\"\",\"value\":null},\"jsonld_enable\":{\"label\":\"Generar datos JSON-LD\",\"type\":\"checkbox\",\"parent_classes\":\"\",\"classes\":\"\",\"dependency\":\"\",\"id\":\"widget-tribe-widget-events-list--1-jsonld_enable\",\"name\":\"widget-tribe-widget-events-list[-1][jsonld_enable]\",\"options\":[],\"placeholder\":\"\",\"value\":null}},\"venue\":false,\"country\":false,\"street\":false,\"city\":false,\"region\":false,\"zip\":false,\"phone\":false,\"cost\":false,\"organizer\":false,\"website\":false,\"operand\":\"OR\",\"filters\":false,\"events\":[10001080,10001302,10001266],\"url\":\"https:\\\/\\\/acasadegalicia.uy\\\/sitio\\\/?post_type=tribe_events&eventDisplay=widget-events-list\",\"url_event_date\":false,\"bar\":{\"keyword\":\"\",\"date\":\"\"},\"today\":\"2026-04-29 00:00:00\",\"now\":\"2026-04-29 06:41:33\",\"home_url\":\"https:\\\/\\\/acasadegalicia.uy\\\/sitio\",\"rest_url\":\"https:\\\/\\\/acasadegalicia.uy\\\/sitio\\\/wp-json\\\/tribe\\\/views\\\/v2\\\/html\",\"rest_method\":\"GET\",\"rest_nonce\":\"\",\"today_url\":\"https:\\\/\\\/acasadegalicia.uy\\\/sitio\\\/?post_type=tribe_events&eventDisplay=widget-events-list&rest_route=%2Fwp%2Fv2%2Fpages%2F1861\",\"today_title\":\"Haz clic para seleccionar la fecha de hoy\",\"today_label\":\"Hoy\",\"prev_label\":\"\",\"next_label\":\"\",\"date_formats\":{\"compact\":\"d\\\/m\\\/Y\",\"month_and_year_compact\":\"m\\\/Y\",\"month_and_year\":\"F Y\",\"time_range_separator\":\" - \",\"date_time_separator\":\" | \"},\"messages\":[],\"start_of_week\":\"1\",\"header_title\":\"\",\"header_title_element\":\"h1\",\"content_title\":\"\",\"show_content_title\":false,\"breadcrumbs\":[],\"backlink\":false,\"before_events\":\"\",\"after_events\":\"\\n<!--\\nThis calendar is powered by The Events Calendar.\\nhttp:\\\/\\\/evnt.is\\\/18wn\\n-->\\n\",\"display_events_bar\":false,\"disable_event_search\":false,\"live_refresh\":true,\"ical\":{\"display_link\":true,\"link\":{\"url\":\"https:\\\/\\\/acasadegalicia.uy\\\/sitio\\\/?post_type=tribe_events&#038;eventDisplay=widget-events-list&#038;ical=1\",\"text\":\"Exportar Eventos\",\"title\":\"Usa esto para compartir los datos del calendario con Google Calendar, Apple iCal y otras aplicaciones compatibles\"}},\"container_classes\":[\"tribe-common\",\"tribe-events\",\"tribe-events-view\",\"tribe-events-view--widget-events-list\",\"tribe-events-widget\"],\"container_data\":[],\"is_past\":false,\"breakpoints\":{\"xsmall\":500,\"medium\":768,\"full\":960},\"breakpoint_pointer\":\"471995e1-35ea-4e1d-94ec-52ba87abdddd\",\"is_initial_load\":false,\"public_views\":{\"list\":{\"view_class\":\"Tribe\\\\Events\\\\Views\\\\V2\\\\Views\\\\List_View\",\"view_url\":\"https:\\\/\\\/acasadegalicia.uy\\\/sitio\\\/(gl)\\\/eventos\\\/lista\\\/\",\"view_label\":\"Lista\",\"aria_label\":\"Mostrar Eventos en la vista Lista\"},\"month\":{\"view_class\":\"Tribe\\\\Events\\\\Views\\\\V2\\\\Views\\\\Month_View\",\"view_url\":\"https:\\\/\\\/acasadegalicia.uy\\\/sitio\\\/(gl)\\\/eventos\\\/mes\\\/\",\"view_label\":\"Mes\",\"aria_label\":\"Mostrar Eventos en la vista Mes\"},\"day\":{\"view_class\":\"Tribe\\\\Events\\\\Views\\\\V2\\\\Views\\\\Day_View\",\"view_url\":\"https:\\\/\\\/acasadegalicia.uy\\\/sitio\\\/(gl)\\\/eventos\\\/hoy\\\/\",\"view_label\":\"D\\u00eda\",\"aria_label\":\"Mostrar Eventos en la vista D\\u00eda\"},\"week\":{\"view_class\":\"Tribe\\\\Events\\\\Pro\\\\Views\\\\V2\\\\Views\\\\Week_View\",\"view_url\":\"https:\\\/\\\/acasadegalicia.uy\\\/sitio\\\/(gl)\\\/eventos\\\/semana\\\/\",\"view_label\":\"Semana\",\"aria_label\":\"Mostrar Eventos en la vista Semana\"},\"map\":{\"view_class\":\"Tribe\\\\Events\\\\Pro\\\\Views\\\\V2\\\\Views\\\\Map_View\",\"view_url\":\"https:\\\/\\\/acasadegalicia.uy\\\/sitio\\\/(gl)\\\/eventos\\\/mapa\\\/\",\"view_label\":\"Mapa\",\"aria_label\":\"Mostrar Eventos en la vista Mapa\"}},\"show_latest_past\":false,\"past\":false,\"compatibility_classes\":[\"tribe-compatibility-container\"],\"view_more_text\":\"Ver calendario\",\"view_more_title\":\"Ver m\\u00e1s eventos.\",\"view_more_link\":\"https:\\\/\\\/acasadegalicia.uy\\\/sitio\\\/(gl)\\\/eventos\\\/\",\"widget_title\":\"\",\"hide_if_no_upcoming_events\":false,\"display\":{\"cost\":false,\"venue\":false,\"street\":false,\"city\":false,\"region\":false,\"zip\":false,\"country\":false,\"phone\":false,\"organizer\":false,\"website\":false},\"subscribe_links\":{\"gcal\":{\"label\":\"Google Calendar\",\"single_label\":\"A\\u00f1adir a Google Calendar\",\"visible\":true,\"block_slug\":\"hasGoogleCalendar\"},\"ical\":{\"label\":\"iCalendar\",\"single_label\":\"Agregar a iCalendar\",\"visible\":true,\"block_slug\":\"hasiCal\"},\"outlook-365\":{\"label\":\"Outlook 365\",\"single_label\":\"Outlook 365\",\"visible\":true,\"block_slug\":\"hasOutlook365\"},\"outlook-live\":{\"label\":\"Outlook Live\",\"single_label\":\"Outlook Live\",\"visible\":true,\"block_slug\":\"hasOutlookLive\"},\"ics\":{\"label\":\"Exportar archivo .ics\",\"single_label\":\"Exportar archivo .ics\",\"visible\":true,\"block_slug\":null},\"outlook-ics\":{\"label\":\"Exportar archivo .ics de Outlook\",\"single_label\":\"Exportar archivo .ics de Outlook\",\"visible\":true,\"block_slug\":null}},\"display_recurring_toggle\":false,\"_context\":{\"slug\":\"widget-events-list\"}}<\/script>\n\n\t\t\t\n\t\t\t\n\t\t\t\t<div class=\"tribe-events-widget-events-list__events\">\n\t\t\t\t\t\t\t\t\t\t\t<div  class=\"tribe-common-g-row tribe-events-widget-events-list__event-row\" >\n\n\t<div class=\"tribe-events-widget-events-list__event-date-tag tribe-common-g-col\">\n\t<time class=\"tribe-events-widget-events-list__event-date-tag-datetime\" datetime=\"2026-04-29\">\n\t\t<span class=\"tribe-events-widget-events-list__event-date-tag-month\">\n\t\t\tAbr\t\t<\/span>\n\t\t<span class=\"tribe-events-widget-events-list__event-date-tag-daynum tribe-common-h2 tribe-common-h4--min-medium\">\n\t\t\t29\t\t<\/span>\n\t<\/time>\n<\/div>\n\n\t<div class=\"tribe-events-widget-events-list__event-wrapper tribe-common-g-col\">\n\t\t<article  class=\"tribe-events-widget-events-list__event post-10001080 tribe_events type-tribe_events status-publish has-post-thumbnail hentry tribe_events_cat-cursos-y-clases tribe-recurring-event tribe-recurring-event-parent\" >\n\t\t\t<div class=\"tribe-events-widget-events-list__event-details\">\n\n\t\t\t\t<header class=\"tribe-events-widget-events-list__event-header\">\n\t\t\t\t\t<div class=\"tribe-events-widget-events-list__event-datetime-wrapper tribe-common-b2 tribe-common-b3--min-medium\">\n\t\t<time class=\"tribe-events-widget-events-list__event-datetime\" datetime=\"2026-04-29\">\n\t\t<span class=\"tribe-event-date-start\">6:00 pm<\/span> &#8211; <span class=\"tribe-event-time\">7:00 pm<\/span>\t<\/time>\n\t\n<span class=\"tribe-events-calendar-series-archive__container\">\n\t<a\n\t\thref=\"https:\/\/acasadegalicia.uy\/sitio\/series\/taller-de-folklore-y-pandereta-gallega-para-ninos-y-ninas\/\"\n\t\taria-label=\"Event series: Taller de folklore y pandereta gallega para ni\u00f1os y ni\u00f1as\"\n\t\tclass=\"tribe-events-calendar-series-archive__link\"\n\t>\n\t\t\n<svg  class=\"tribe-common-c-svgicon tribe-common-c-svgicon--series tribe-events-series-archive__icon\"  width=\"14\" height=\"12\" viewBox=\"0 0 14 12\" fill=\"none\" xmlns=\"http:\/\/www.w3.org\/2000\/svg\" aria-hidden=\"true\">\n\t<rect x=\"0.5\" y=\"4.5\" width=\"9\" height=\"7\" \/>\n\t<path d=\"M2 2.5H11.5V10\" \/>\n\t<path d=\"M4 0.5H13.5V8\" \/>\n<\/svg>\n\t<\/a>\n<\/span>\n<\/div>\n\t\t\t\t\t<h3 class=\"tribe-events-widget-events-list__event-title tribe-common-h7\">\n\t<a\n\t\thref=\"https:\/\/acasadegalicia.uy\/sitio\/evento\/taller-de-folklore-y-pandereta-gallega-para-ninos-y-ninas\/2026-04-29\/\"\n\t\ttitle=\"Taller de folklore y pandereta gallega para ni\u00f1os y ni\u00f1as\"\n\t\trel=\"bookmark\"\n\t\tclass=\"tribe-events-widget-events-list__event-title-link tribe-common-anchor-thin\"\n\t>\n\t\tTaller de folklore y pandereta gallega para ni\u00f1os y ni\u00f1as\t<\/a>\n<\/h3>\n\t\t\t\t<\/header>\n\n\t\t\t\t\n\t\t\t<\/div>\n\t\t<\/article>\n\t<\/div>\n\n<\/div>\n\t\t\t\t\t\t\t\t\t\t\t<div  class=\"tribe-common-g-row tribe-events-widget-events-list__event-row\" >\n\n\t<div class=\"tribe-events-widget-events-list__event-date-tag tribe-common-g-col\">\n\t<time class=\"tribe-events-widget-events-list__event-date-tag-datetime\" datetime=\"2026-04-29\">\n\t\t<span class=\"tribe-events-widget-events-list__event-date-tag-month\">\n\t\t\tAbr\t\t<\/span>\n\t\t<span class=\"tribe-events-widget-events-list__event-date-tag-daynum tribe-common-h2 tribe-common-h4--min-medium\">\n\t\t\t29\t\t<\/span>\n\t<\/time>\n<\/div>\n\n\t<div class=\"tribe-events-widget-events-list__event-wrapper tribe-common-g-col\">\n\t\t<article  class=\"tribe-events-widget-events-list__event post-10001302 tribe_events type-tribe_events status-publish has-post-thumbnail hentry tribe_events_cat-cursos-y-clases tribe-recurring-event tribe-recurring-event-parent\" >\n\t\t\t<div class=\"tribe-events-widget-events-list__event-details\">\n\n\t\t\t\t<header class=\"tribe-events-widget-events-list__event-header\">\n\t\t\t\t\t<div class=\"tribe-events-widget-events-list__event-datetime-wrapper tribe-common-b2 tribe-common-b3--min-medium\">\n\t\t<time class=\"tribe-events-widget-events-list__event-datetime\" datetime=\"2026-04-29\">\n\t\t<span class=\"tribe-event-date-start\">7:00 pm<\/span> &#8211; <span class=\"tribe-event-time\">8:30 pm<\/span>\t<\/time>\n\t\n<span class=\"tribe-events-calendar-series-archive__container\">\n\t<a\n\t\thref=\"https:\/\/acasadegalicia.uy\/sitio\/series\/canto-pandereta-pandeiro-pandeira-e-instrumentos-gallegos\/\"\n\t\taria-label=\"Event series: Canto, pandereta, pandeiro, pandeira e instrumentos gallegos\"\n\t\tclass=\"tribe-events-calendar-series-archive__link\"\n\t>\n\t\t\n<svg  class=\"tribe-common-c-svgicon tribe-common-c-svgicon--series tribe-events-series-archive__icon\"  width=\"14\" height=\"12\" viewBox=\"0 0 14 12\" fill=\"none\" xmlns=\"http:\/\/www.w3.org\/2000\/svg\" aria-hidden=\"true\">\n\t<rect x=\"0.5\" y=\"4.5\" width=\"9\" height=\"7\" \/>\n\t<path d=\"M2 2.5H11.5V10\" \/>\n\t<path d=\"M4 0.5H13.5V8\" \/>\n<\/svg>\n\t<\/a>\n<\/span>\n<\/div>\n\t\t\t\t\t<h3 class=\"tribe-events-widget-events-list__event-title tribe-common-h7\">\n\t<a\n\t\thref=\"https:\/\/acasadegalicia.uy\/sitio\/evento\/canto-pandereta-pandeiro-pandeira-e-instrumentos-gallegos-2-3\/2026-04-29\/\"\n\t\ttitle=\"Canto tradicional y pandereta\"\n\t\trel=\"bookmark\"\n\t\tclass=\"tribe-events-widget-events-list__event-title-link tribe-common-anchor-thin\"\n\t>\n\t\tCanto tradicional y pandereta\t<\/a>\n<\/h3>\n\t\t\t\t<\/header>\n\n\t\t\t\t\n\t\t\t<\/div>\n\t\t<\/article>\n\t<\/div>\n\n<\/div>\n\t\t\t\t\t\t\t\t\t\t\t<div  class=\"tribe-common-g-row tribe-events-widget-events-list__event-row\" >\n\n\t<div class=\"tribe-events-widget-events-list__event-date-tag tribe-common-g-col\">\n\t<time class=\"tribe-events-widget-events-list__event-date-tag-datetime\" datetime=\"2026-05-04\">\n\t\t<span class=\"tribe-events-widget-events-list__event-date-tag-month\">\n\t\t\tMay\t\t<\/span>\n\t\t<span class=\"tribe-events-widget-events-list__event-date-tag-daynum tribe-common-h2 tribe-common-h4--min-medium\">\n\t\t\t4\t\t<\/span>\n\t<\/time>\n<\/div>\n\n\t<div class=\"tribe-events-widget-events-list__event-wrapper tribe-common-g-col\">\n\t\t<article  class=\"tribe-events-widget-events-list__event post-10001266 tribe_events type-tribe_events status-publish has-post-thumbnail hentry tribe_events_cat-cursos-y-clases tribe-recurring-event tribe-recurring-event-parent\" >\n\t\t\t<div class=\"tribe-events-widget-events-list__event-details\">\n\n\t\t\t\t<header class=\"tribe-events-widget-events-list__event-header\">\n\t\t\t\t\t<div class=\"tribe-events-widget-events-list__event-datetime-wrapper tribe-common-b2 tribe-common-b3--min-medium\">\n\t\t<time class=\"tribe-events-widget-events-list__event-datetime\" datetime=\"2026-05-04\">\n\t\t<span class=\"tribe-event-date-start\">6:30 pm<\/span> &#8211; <span class=\"tribe-event-time\">8:30 pm<\/span>\t<\/time>\n\t\n<span class=\"tribe-events-calendar-series-archive__container\">\n\t<a\n\t\thref=\"https:\/\/acasadegalicia.uy\/sitio\/series\/gaita-y-percusion-gallega\/\"\n\t\taria-label=\"Event series: Gaita y Percusi\u00f3n Gallega\"\n\t\tclass=\"tribe-events-calendar-series-archive__link\"\n\t>\n\t\t\n<svg  class=\"tribe-common-c-svgicon tribe-common-c-svgicon--series tribe-events-series-archive__icon\"  width=\"14\" height=\"12\" viewBox=\"0 0 14 12\" fill=\"none\" xmlns=\"http:\/\/www.w3.org\/2000\/svg\" aria-hidden=\"true\">\n\t<rect x=\"0.5\" y=\"4.5\" width=\"9\" height=\"7\" \/>\n\t<path d=\"M2 2.5H11.5V10\" \/>\n\t<path d=\"M4 0.5H13.5V8\" \/>\n<\/svg>\n\t<\/a>\n<\/span>\n<\/div>\n\t\t\t\t\t<h3 class=\"tribe-events-widget-events-list__event-title tribe-common-h7\">\n\t<a\n\t\thref=\"https:\/\/acasadegalicia.uy\/sitio\/evento\/gaita-y-percusion-gallega\/2026-05-04\/\"\n\t\ttitle=\"Gaita y Percusi\u00f3n Gallega\"\n\t\trel=\"bookmark\"\n\t\tclass=\"tribe-events-widget-events-list__event-title-link tribe-common-anchor-thin\"\n\t>\n\t\tGaita y Percusi\u00f3n Gallega\t<\/a>\n<\/h3>\n\t\t\t\t<\/header>\n\n\t\t\t\t\n\t\t\t<\/div>\n\t\t<\/article>\n\t<\/div>\n\n<\/div>\n\t\t\t\t\t\t\t\t\t<\/div>\n\n\t\t\t\t<div class=\"tribe-events-widget-events-list__view-more tribe-common-b1 tribe-common-b2--min-medium\">\n\t<a\n\t\thref=\"https:\/\/acasadegalicia.uy\/sitio\/(gl)\/eventos\/\"\n\t\tclass=\"tribe-events-widget-events-list__view-more-link tribe-common-anchor-thin\"\n\t\ttitle=\"Ver m\u00e1s eventos.\"\n\t>\n\t\tVer calendario\t<\/a>\n<\/div>\n\n\t\t\t\t\t<\/div>\n\t<\/div>\n<\/div>\n<script data-js='tribe-events-view-nonce-data' type='application\/json'>{\"tvn1\":\"dcb41371e3\",\"tvn2\":\"\"}<\/script>\n<\/div><\/div>\n\n<\/div><\/div>\n\n\n<div id=\"wp-block-themeisle-blocks-advanced-columns-3eaf4820\" class=\"wp-block-themeisle-blocks-advanced-columns has-1-columns has-desktop-equal-layout has-tablet-equal-layout has-mobile-equal-layout has-vertical-unset\"><div class=\"wp-block-themeisle-blocks-advanced-columns-overlay\"><\/div><div class=\"innerblocks-wrap\">\n<div id=\"wp-block-themeisle-blocks-advanced-column-67b70941\" class=\"wp-block-themeisle-blocks-advanced-column has-light-bg\">\n<div class=\"sec-label-custom\">\n  <span>NOTICIAS<\/span>\n  <span class=\"linea\"><\/span>\n<\/div>\n\n<style>\n.sec-label-custom {\n  display: flex;\n  align-items: center;\n  gap: 12px;\n  margin-bottom: 8px;\n  margin-top: 10px;\n}\n.sec-label-custom span:first-child {\n  font-size: 11px;\n  font-weight: 700;\n  letter-spacing: 3px;\n  color: #c0111a;\n  text-transform: uppercase;\n  font-family: 'Cinzel', serif;\n  margin-top: 10px;\n  margin-left: 20px;\n}\n.sec-label-custom .linea {\n  display: block;\n  width: 80%;\n  height: 2px;\n  background: #c0111a;\n  opacity: 0.5;\n  margin-top: 10px;\n}\n<\/style>\n\n\n\n<h2 class=\"wp-block-heading has-theme-palette-1-color has-text-color has-link-color wp-elements-510cf488f46a96815b3d820eb65d9648\" style=\"margin-top:-5px;margin-left:var(--wp--preset--spacing--30)\">\u00daltimas noticias<\/h2>\n\n\n<style>.kb-posts-id-1861_9c6be2-9b .kb-post-list-item{display:grid;}<\/style><ul class=\"wp-block-kadence-posts kb-posts kadence-posts-list kb-posts-id-1861_9c6be2-9b content-wrap grid-cols kb-posts-style-boxed grid-sm-col-2 grid-lg-col-3 item-image-style-above\"><li class=\"kb-post-list-item\">\n\t<article class=\"entry content-bg loop-entry post-2152 post type-post status-publish format-standard has-post-thumbnail hentry category-noticias\">\n\t\t\t\t<a aria-hidden=\"true\" tabindex=\"-1\" role=\"presentation\" class=\"post-thumbnail kadence-thumbnail-ratio-9-16\" href=\"https:\/\/acasadegalicia.uy\/sitio\/el-dia-del-libro-se-celebro-en-nuestra-sede-con-musica-libros-y-sabores-gallegos\/\" aria-label=\"El D\u00eda del Libro se celebr\u00f3 en nuestra sede con m\u00fasica, libros y sabores gallegos\">\n\t\t\t<div class=\"post-thumbnail-inner\">\n\t\t\t\t<img data-opt-id=1676360767  fetchpriority=\"high\" decoding=\"async\" width=\"300\" height=\"225\" src=\"https:\/\/mlqp0balqxgu.i.optimole.com\/w:300\/h:225\/q:mauto\/f:best\/https:\/\/acasadegalicia.uy\/sitio\/wp-content\/uploads\/2026\/04\/b2f6cacc-15b7-491e-944b-de7d046ed1ef.jpg\" class=\"attachment-medium size-medium wp-post-image\" alt=\"El D\u00eda del Libro se celebr\u00f3 en nuestra sede con m\u00fasica, libros y sabores gallegos\" srcset=\"https:\/\/mlqp0balqxgu.i.optimole.com\/w:300\/h:225\/q:mauto\/f:best\/https:\/\/acasadegalicia.uy\/sitio\/wp-content\/uploads\/2026\/04\/b2f6cacc-15b7-491e-944b-de7d046ed1ef.jpg 300w, https:\/\/mlqp0balqxgu.i.optimole.com\/w:1024\/h:768\/q:mauto\/f:best\/https:\/\/acasadegalicia.uy\/sitio\/wp-content\/uploads\/2026\/04\/b2f6cacc-15b7-491e-944b-de7d046ed1ef.jpg 1024w, https:\/\/mlqp0balqxgu.i.optimole.com\/w:768\/h:576\/q:mauto\/f:best\/https:\/\/acasadegalicia.uy\/sitio\/wp-content\/uploads\/2026\/04\/b2f6cacc-15b7-491e-944b-de7d046ed1ef.jpg 768w, https:\/\/mlqp0balqxgu.i.optimole.com\/w:1536\/h:1152\/q:mauto\/f:best\/https:\/\/acasadegalicia.uy\/sitio\/wp-content\/uploads\/2026\/04\/b2f6cacc-15b7-491e-944b-de7d046ed1ef.jpg 1536w, https:\/\/mlqp0balqxgu.i.optimole.com\/w:610\/h:458\/q:mauto\/f:best\/https:\/\/acasadegalicia.uy\/sitio\/wp-content\/uploads\/2026\/04\/b2f6cacc-15b7-491e-944b-de7d046ed1ef.jpg 610w, https:\/\/mlqp0balqxgu.i.optimole.com\/w:1600\/h:1200\/q:mauto\/f:best\/https:\/\/acasadegalicia.uy\/sitio\/wp-content\/uploads\/2026\/04\/b2f6cacc-15b7-491e-944b-de7d046ed1ef.jpg 1600w\" sizes=\"(max-width: 300px) 100vw, 300px\" \/>\t\t\t<\/div>\n\t\t<\/a><!-- .post-thumbnail -->\n\t\t\t\t<div class=\"entry-content-wrap\">\n\t\t\t<header class=\"entry-header\">\n\t\t<div class=\"entry-taxonomies\">\n\t\t<span class=\"category-links term-links category-style-normal\">\n\t\t\t<a href=\"https:\/\/acasadegalicia.uy\/sitio\/category\/noticias\/\" class=\"category-link-noticias\" rel=\"tag\">Noticias<\/a>\t\t<\/span>\n\t<\/div><!-- .entry-taxonomies -->\n\t<h3 class=\"entry-title\"><a href=\"https:\/\/acasadegalicia.uy\/sitio\/el-dia-del-libro-se-celebro-en-nuestra-sede-con-musica-libros-y-sabores-gallegos\/\" rel=\"bookmark\">El D\u00eda del Libro se celebr\u00f3 en nuestra sede con m\u00fasica, libros y sabores gallegos<\/a><\/h3>\t<div class=\"entry-meta entry-meta-divider-dot\">\n\t<span class=\"posted-by\"><span class=\"meta-label\">Por<\/span><span class=\"author vcard\"><span class=\"fn n\">A Casa de Galicia<\/span><\/span><\/span>\t\t\t<span class=\"posted-on\">\n\t\t\t\t<time class=\"entry-date published\" datetime=\"2026-04-25T14:51:00-03:00\">abril 25, 2026<\/time><time class=\"updated\" datetime=\"2026-04-26T02:57:30-03:00\">abril 26, 2026<\/time>\t\t\t<\/span>\n\t\t\t\t<\/div><!-- .entry-meta -->\n\t<\/header><!-- .entry-header -->\n\t<div class=\"entry-summary\">\n\t\t<p>El pasado jueves 24 de abril, A Casa de Galicia Centro Hist\u00f3rico-Cultural celebr\u00f3 el D\u00eda del Libro en nuestra sede Hijos de Galicia con una velada \u00edntima y c\u00e1lida que reuni\u00f3 a socios y amigos. La charla estuvo a cargo del Profesor Santiago Inguanzo, quien deleit\u00f3 a los presentes con una apasionante intervenci\u00f3n que invit\u00f3&#8230;<\/p>\n\t<\/div><!-- .entry-summary -->\n\t<footer class=\"entry-footer\">\n\t\t\t<div class=\"entry-actions\">\n\t\t\t<p class=\"more-link-wrap\">\n\t\t\t\t<a href=\"https:\/\/acasadegalicia.uy\/sitio\/el-dia-del-libro-se-celebro-en-nuestra-sede-con-musica-libros-y-sabores-gallegos\/\" class=\"post-more-link\">\n\t\t\t\t\tLeer m\u00e1s<span class=\"screen-reader-text\"> El D\u00eda del Libro se celebr\u00f3 en nuestra sede con m\u00fasica, libros y sabores gallegos<\/span><span class=\"kadence-svg-iconset svg-baseline\"><svg aria-hidden=\"true\" class=\"kadence-svg-icon kadence-arrow-right-alt-svg\" fill=\"currentColor\" version=\"1.1\" xmlns=\"http:\/\/www.w3.org\/2000\/svg\" width=\"27\" height=\"28\" viewBox=\"0 0 27 28\"><title>Continuar<\/title><path d=\"M27 13.953c0 0.141-0.063 0.281-0.156 0.375l-6 5.531c-0.156 0.141-0.359 0.172-0.547 0.094-0.172-0.078-0.297-0.25-0.297-0.453v-3.5h-19.5c-0.281 0-0.5-0.219-0.5-0.5v-3c0-0.281 0.219-0.5 0.5-0.5h19.5v-3.5c0-0.203 0.109-0.375 0.297-0.453s0.391-0.047 0.547 0.078l6 5.469c0.094 0.094 0.156 0.219 0.156 0.359v0z\"><\/path>\n\t\t\t<\/svg><\/span>\t\t\t\t<\/a>\n\t\t\t<\/p>\n\t\t<\/div><!-- .entry-actions -->\n\t\t<\/footer><!-- .entry-footer -->\t\t<\/div>\n\t<\/article>\n<\/li>\n<li class=\"kb-post-list-item\">\n\t<article class=\"entry content-bg loop-entry post-2114 post type-post status-publish format-standard has-post-thumbnail hentry category-noticias\">\n\t\t\t\t<a aria-hidden=\"true\" tabindex=\"-1\" role=\"presentation\" class=\"post-thumbnail kadence-thumbnail-ratio-9-16\" href=\"https:\/\/acasadegalicia.uy\/sitio\/a-casa-de-galicia-celebro-sus-primeros-cuatro-anos-junto-a-socios-autoridades-y-el-arte-gallego\/\" aria-label=\"A Casa de Galicia celebr\u00f3 sus primeros cuatro a\u00f1os junto a socios, autoridades y el arte gallego\">\n\t\t\t<div class=\"post-thumbnail-inner\">\n\t\t\t\t<img data-opt-id=1809233878  fetchpriority=\"high\" decoding=\"async\" width=\"300\" height=\"138\" src=\"https:\/\/mlqp0balqxgu.i.optimole.com\/w:300\/h:138\/q:mauto\/f:best\/https:\/\/acasadegalicia.uy\/sitio\/wp-content\/uploads\/2026\/04\/987c5a7c-f5e1-437a-bcb8-6f0082f58e24.jpg\" class=\"attachment-medium size-medium wp-post-image\" alt=\"A Casa de Galicia celebr\u00f3 sus primeros cuatro a\u00f1os junto a socios, autoridades y el arte gallego\" srcset=\"https:\/\/mlqp0balqxgu.i.optimole.com\/w:300\/h:138\/q:mauto\/f:best\/https:\/\/acasadegalicia.uy\/sitio\/wp-content\/uploads\/2026\/04\/987c5a7c-f5e1-437a-bcb8-6f0082f58e24.jpg 300w, https:\/\/mlqp0balqxgu.i.optimole.com\/w:1024\/h:472\/q:mauto\/f:best\/https:\/\/acasadegalicia.uy\/sitio\/wp-content\/uploads\/2026\/04\/987c5a7c-f5e1-437a-bcb8-6f0082f58e24.jpg 1024w, https:\/\/mlqp0balqxgu.i.optimole.com\/w:768\/h:354\/q:mauto\/f:best\/https:\/\/acasadegalicia.uy\/sitio\/wp-content\/uploads\/2026\/04\/987c5a7c-f5e1-437a-bcb8-6f0082f58e24.jpg 768w, https:\/\/mlqp0balqxgu.i.optimole.com\/w:1536\/h:708\/q:mauto\/f:best\/https:\/\/acasadegalicia.uy\/sitio\/wp-content\/uploads\/2026\/04\/987c5a7c-f5e1-437a-bcb8-6f0082f58e24.jpg 1536w, https:\/\/mlqp0balqxgu.i.optimole.com\/w:610\/h:281\/q:mauto\/f:best\/https:\/\/acasadegalicia.uy\/sitio\/wp-content\/uploads\/2026\/04\/987c5a7c-f5e1-437a-bcb8-6f0082f58e24.jpg 610w, https:\/\/mlqp0balqxgu.i.optimole.com\/w:1920\/h:885\/q:mauto\/f:best\/https:\/\/acasadegalicia.uy\/sitio\/wp-content\/uploads\/2026\/04\/987c5a7c-f5e1-437a-bcb8-6f0082f58e24.jpg 2000w\" sizes=\"(max-width: 300px) 100vw, 300px\" \/>\t\t\t<\/div>\n\t\t<\/a><!-- .post-thumbnail -->\n\t\t\t\t<div class=\"entry-content-wrap\">\n\t\t\t<header class=\"entry-header\">\n\t\t<div class=\"entry-taxonomies\">\n\t\t<span class=\"category-links term-links category-style-normal\">\n\t\t\t<a href=\"https:\/\/acasadegalicia.uy\/sitio\/category\/noticias\/\" class=\"category-link-noticias\" rel=\"tag\">Noticias<\/a>\t\t<\/span>\n\t<\/div><!-- .entry-taxonomies -->\n\t<h3 class=\"entry-title\"><a href=\"https:\/\/acasadegalicia.uy\/sitio\/a-casa-de-galicia-celebro-sus-primeros-cuatro-anos-junto-a-socios-autoridades-y-el-arte-gallego\/\" rel=\"bookmark\">A Casa de Galicia celebr\u00f3 sus primeros cuatro a\u00f1os junto a socios, autoridades y el arte gallego<\/a><\/h3>\t<div class=\"entry-meta entry-meta-divider-dot\">\n\t<span class=\"posted-by\"><span class=\"meta-label\">Por<\/span><span class=\"author vcard\"><span class=\"fn n\">A Casa de Galicia<\/span><\/span><\/span>\t\t\t<span class=\"posted-on\">\n\t\t\t\t<time class=\"entry-date published\" datetime=\"2026-04-19T02:20:00-03:00\">abril 19, 2026<\/time><time class=\"updated\" datetime=\"2026-04-26T02:42:05-03:00\">abril 26, 2026<\/time>\t\t\t<\/span>\n\t\t\t\t<\/div><!-- .entry-meta -->\n\t<\/header><!-- .entry-header -->\n\t<div class=\"entry-summary\">\n\t\t<p>El pasado domingo 12 de abril, A Casa de Galicia Centro Hist\u00f3rico-Cultural celebr\u00f3 cuatro a\u00f1os de historia con un emotivo almuerzo que reuni\u00f3 a socios, amigos y destacadas autoridades en nuestra sede. Entre los presentes, el Embajador de Espa\u00f1a en Uruguay, la Consejera de Trabajo, la Delegada de la Xunta de Galicia y representantes de&#8230;<\/p>\n\t<\/div><!-- .entry-summary -->\n\t<footer class=\"entry-footer\">\n\t\t\t<div class=\"entry-actions\">\n\t\t\t<p class=\"more-link-wrap\">\n\t\t\t\t<a href=\"https:\/\/acasadegalicia.uy\/sitio\/a-casa-de-galicia-celebro-sus-primeros-cuatro-anos-junto-a-socios-autoridades-y-el-arte-gallego\/\" class=\"post-more-link\">\n\t\t\t\t\tLeer m\u00e1s<span class=\"screen-reader-text\"> A Casa de Galicia celebr\u00f3 sus primeros cuatro a\u00f1os junto a socios, autoridades y el arte gallego<\/span><span class=\"kadence-svg-iconset svg-baseline\"><svg aria-hidden=\"true\" class=\"kadence-svg-icon kadence-arrow-right-alt-svg\" fill=\"currentColor\" version=\"1.1\" xmlns=\"http:\/\/www.w3.org\/2000\/svg\" width=\"27\" height=\"28\" viewBox=\"0 0 27 28\"><title>Continuar<\/title><path d=\"M27 13.953c0 0.141-0.063 0.281-0.156 0.375l-6 5.531c-0.156 0.141-0.359 0.172-0.547 0.094-0.172-0.078-0.297-0.25-0.297-0.453v-3.5h-19.5c-0.281 0-0.5-0.219-0.5-0.5v-3c0-0.281 0.219-0.5 0.5-0.5h19.5v-3.5c0-0.203 0.109-0.375 0.297-0.453s0.391-0.047 0.547 0.078l6 5.469c0.094 0.094 0.156 0.219 0.156 0.359v0z\"><\/path>\n\t\t\t<\/svg><\/span>\t\t\t\t<\/a>\n\t\t\t<\/p>\n\t\t<\/div><!-- .entry-actions -->\n\t\t<\/footer><!-- .entry-footer -->\t\t<\/div>\n\t<\/article>\n<\/li>\n<li class=\"kb-post-list-item\">\n\t<article class=\"entry content-bg loop-entry post-1621 post type-post status-publish format-standard has-post-thumbnail hentry category-noticias tag-homenaje\">\n\t\t\t\t<a aria-hidden=\"true\" tabindex=\"-1\" role=\"presentation\" class=\"post-thumbnail kadence-thumbnail-ratio-9-16\" href=\"https:\/\/acasadegalicia.uy\/sitio\/el-apostol-santiago-llego-a-a-casa-de-galicia\/\" aria-label=\"El Ap\u00f3stol Santiago lleg\u00f3 a A Casa de Galicia\">\n\t\t\t<div class=\"post-thumbnail-inner\">\n\t\t\t\t<img data-opt-id=67441480  data-opt-src=\"https:\/\/mlqp0balqxgu.i.optimole.com\/w:300\/h:148\/q:mauto\/f:best\/https:\/\/acasadegalicia.uy\/sitio\/wp-content\/uploads\/2024\/12\/pintura-de-zilli-a-A-casa-de-galicia.jpg\"  decoding=\"async\" width=\"300\" height=\"148\" src=\"data:image/svg+xml,%3Csvg%20viewBox%3D%220%200%20300%20148%22%20width%3D%22300%22%20height%3D%22148%22%20xmlns%3D%22http%3A%2F%2Fwww.w3.org%2F2000%2Fsvg%22%3E%3Crect%20width%3D%22300%22%20height%3D%22148%22%20fill%3D%22transparent%22%2F%3E%3C%2Fsvg%3E\" class=\"attachment-medium size-medium wp-post-image\" alt=\"La artista pl\u00e1stica Mariela Zilli junto a su obra en compa\u00f1ia de la delegada de la Xunta de Galicia y la presidenta de A Casa de Galicia CHC\" old-srcset=\"https:\/\/mlqp0balqxgu.i.optimole.com\/w:300\/h:148\/q:mauto\/f:best\/https:\/\/acasadegalicia.uy\/sitio\/wp-content\/uploads\/2024\/12\/pintura-de-zilli-a-A-casa-de-galicia-scaled.jpg 300w, https:\/\/mlqp0balqxgu.i.optimole.com\/w:1024\/h:504\/q:mauto\/f:best\/https:\/\/acasadegalicia.uy\/sitio\/wp-content\/uploads\/2024\/12\/pintura-de-zilli-a-A-casa-de-galicia-scaled.jpg 1024w, https:\/\/mlqp0balqxgu.i.optimole.com\/w:768\/h:378\/q:mauto\/f:best\/https:\/\/acasadegalicia.uy\/sitio\/wp-content\/uploads\/2024\/12\/pintura-de-zilli-a-A-casa-de-galicia-scaled.jpg 768w, https:\/\/mlqp0balqxgu.i.optimole.com\/w:1536\/h:756\/q:mauto\/f:best\/https:\/\/acasadegalicia.uy\/sitio\/wp-content\/uploads\/2024\/12\/pintura-de-zilli-a-A-casa-de-galicia-scaled.jpg 1536w, https:\/\/mlqp0balqxgu.i.optimole.com\/w:1920\/h:945\/q:mauto\/f:best\/https:\/\/acasadegalicia.uy\/sitio\/wp-content\/uploads\/2024\/12\/pintura-de-zilli-a-A-casa-de-galicia-scaled.jpg 2048w, https:\/\/mlqp0balqxgu.i.optimole.com\/w:610\/h:300\/q:mauto\/f:best\/https:\/\/acasadegalicia.uy\/sitio\/wp-content\/uploads\/2024\/12\/pintura-de-zilli-a-A-casa-de-galicia-scaled.jpg 610w, https:\/\/mlqp0balqxgu.i.optimole.com\/w:1080\/h:532\/q:mauto\/f:best\/https:\/\/acasadegalicia.uy\/sitio\/wp-content\/uploads\/2024\/12\/pintura-de-zilli-a-A-casa-de-galicia-scaled.jpg 1080w, https:\/\/mlqp0balqxgu.i.optimole.com\/w:1280\/h:631\/q:mauto\/f:best\/https:\/\/acasadegalicia.uy\/sitio\/wp-content\/uploads\/2024\/12\/pintura-de-zilli-a-A-casa-de-galicia-scaled.jpg 1280w, https:\/\/mlqp0balqxgu.i.optimole.com\/w:980\/h:483\/q:mauto\/f:best\/https:\/\/acasadegalicia.uy\/sitio\/wp-content\/uploads\/2024\/12\/pintura-de-zilli-a-A-casa-de-galicia-scaled.jpg 980w, https:\/\/mlqp0balqxgu.i.optimole.com\/w:480\/h:236\/q:mauto\/f:best\/https:\/\/acasadegalicia.uy\/sitio\/wp-content\/uploads\/2024\/12\/pintura-de-zilli-a-A-casa-de-galicia-scaled.jpg 480w\" \/>\t\t\t<\/div>\n\t\t<\/a><!-- .post-thumbnail -->\n\t\t\t\t<div class=\"entry-content-wrap\">\n\t\t\t<header class=\"entry-header\">\n\t\t<div class=\"entry-taxonomies\">\n\t\t<span class=\"category-links term-links category-style-normal\">\n\t\t\t<a href=\"https:\/\/acasadegalicia.uy\/sitio\/category\/noticias\/\" class=\"category-link-noticias\" rel=\"tag\">Noticias<\/a>\t\t<\/span>\n\t<\/div><!-- .entry-taxonomies -->\n\t<h3 class=\"entry-title\"><a href=\"https:\/\/acasadegalicia.uy\/sitio\/el-apostol-santiago-llego-a-a-casa-de-galicia\/\" rel=\"bookmark\">El Ap\u00f3stol Santiago lleg\u00f3 a A Casa de Galicia<\/a><\/h3>\t<div class=\"entry-meta entry-meta-divider-dot\">\n\t<span class=\"posted-by\"><span class=\"meta-label\">Por<\/span><span class=\"author vcard\"><span class=\"fn n\">Manuel L\u00f3pez Faraldo<\/span><\/span><\/span>\t\t\t<span class=\"posted-on\">\n\t\t\t\t<time class=\"entry-date published\" datetime=\"2024-12-06T02:29:06-03:00\">diciembre 6, 2024<\/time><time class=\"updated\" datetime=\"2024-12-06T02:29:09-03:00\">diciembre 6, 2024<\/time>\t\t\t<\/span>\n\t\t\t\t<\/div><!-- .entry-meta -->\n\t<\/header><!-- .entry-header -->\n\t<div class=\"entry-summary\">\n\t\t<p>La mejor forma de despedir un a\u00f1o venturoso como ha sido el 2024 para A Casa de Galicia en nuestra nueva sede de Ana Monterroso de Lavalleja 2014, con el regalo que nos realiz\u00f3 la artista pl\u00e1stica Mariela Zilli confesando que lo pint\u00f3 pensando en que \u00abno puede ser que no tengan un santo, porque&#8230;<\/p>\n\t<\/div><!-- .entry-summary -->\n\t<footer class=\"entry-footer\">\n\t\t\t<div class=\"entry-actions\">\n\t\t\t<p class=\"more-link-wrap\">\n\t\t\t\t<a href=\"https:\/\/acasadegalicia.uy\/sitio\/el-apostol-santiago-llego-a-a-casa-de-galicia\/\" class=\"post-more-link\">\n\t\t\t\t\tLeer m\u00e1s<span class=\"screen-reader-text\"> El Ap\u00f3stol Santiago lleg\u00f3 a A Casa de Galicia<\/span><span class=\"kadence-svg-iconset svg-baseline\"><svg aria-hidden=\"true\" class=\"kadence-svg-icon kadence-arrow-right-alt-svg\" fill=\"currentColor\" version=\"1.1\" xmlns=\"http:\/\/www.w3.org\/2000\/svg\" width=\"27\" height=\"28\" viewBox=\"0 0 27 28\"><title>Continuar<\/title><path d=\"M27 13.953c0 0.141-0.063 0.281-0.156 0.375l-6 5.531c-0.156 0.141-0.359 0.172-0.547 0.094-0.172-0.078-0.297-0.25-0.297-0.453v-3.5h-19.5c-0.281 0-0.5-0.219-0.5-0.5v-3c0-0.281 0.219-0.5 0.5-0.5h19.5v-3.5c0-0.203 0.109-0.375 0.297-0.453s0.391-0.047 0.547 0.078l6 5.469c0.094 0.094 0.156 0.219 0.156 0.359v0z\"><\/path>\n\t\t\t<\/svg><\/span>\t\t\t\t<\/a>\n\t\t\t<\/p>\n\t\t<\/div><!-- .entry-actions -->\n\t\t<\/footer><!-- .entry-footer -->\t\t<\/div>\n\t<\/article>\n<\/li>\n<\/ul>\n\n\n<div style=\"text-align:right; padding: 12px 0 48px 0;\">\n  <a href=\"\/sitio\/category\/noticias\/\" \n     style=\"font-family:'Cinzel',serif; font-size:15px; color:#1a2a6c; text-decoration:none; border-bottom:1px solid #1a2a6c; padding-bottom:2px; letter-spacing:0.5px;\">\n    Ver todas las noticias \u2192\n  <\/a>\n<\/div>\n<\/div>\n<\/div><\/div>\n\n\n\n<div id=\"wp-block-themeisle-blocks-advanced-columns-7601bd52\" class=\"wp-block-themeisle-blocks-advanced-columns has-1-columns has-desktop-equal-layout has-tablet-equal-layout has-mobile-equal-layout has-vertical-unset\"><div class=\"wp-block-themeisle-blocks-advanced-columns-overlay\"><\/div><div class=\"innerblocks-wrap\">\n<div id=\"wp-block-themeisle-blocks-advanced-column-dc75bbb3\" class=\"wp-block-themeisle-blocks-advanced-column\">\n<div class=\"sec-label-custom\">\n  <span>A NOSA MEMORIA<\/span>\n  <span class=\"linea\"><\/span>\n<\/div>\n\n<style>\n.sec-label-custom {\n  display: flex;\n  align-items: center;\n  gap: 12px;\n  margin-bottom: 8px;\n  margin-top: 10px;\n}\n.sec-label-custom span:first-child {\n  font-size: 11px;\n  font-weight: 700;\n  letter-spacing: 3px;\n  color: #c0111a;\n  text-transform: uppercase;\n  font-family: 'Cinzel', serif;\n  margin-top: 10px;\n  margin-left: 20px;\n}\n.sec-label-custom .linea {\n  display: block;\n  width: 80%;\n  height: 2px;\n  background: #c0111a;\n  opacity: 0.5;\n  margin-top: 10px;\n}\n<\/style>\n\n\n\n<div id=\"wp-block-themeisle-blocks-advanced-columns-4dd31d8e\" class=\"wp-block-themeisle-blocks-advanced-columns has-1-columns has-desktop-equal-layout has-tablet-equal-layout has-mobile-equal-layout has-vertical-unset\"><div class=\"wp-block-themeisle-blocks-advanced-columns-overlay\"><\/div><div class=\"innerblocks-wrap\">\n<div id=\"wp-block-themeisle-blocks-advanced-column-63ed17b4\" class=\"wp-block-themeisle-blocks-advanced-column\">\n<h2 class=\"wp-block-heading has-theme-palette-1-color has-text-color has-link-color wp-elements-cba7fb896ad88075b252a519d7d7f1b8\" style=\"margin-top:-5px;margin-left:var(--wp--preset--spacing--30)\">Fotos e historias de nuestra comunidad<\/h2>\n\n\n<style>.kb-posts-id-1861_406b5f-54 .kb-post-list-item{display:grid;}<\/style><ul class=\"wp-block-kadence-posts kb-posts kadence-posts-list kb-posts-id-1861_406b5f-54 content-wrap grid-cols kb-posts-style-boxed grid-sm-col-2 grid-lg-col-3 item-image-style-above\"><li class=\"kb-post-list-item\">\n\t<article class=\"entry content-bg loop-entry post-2078 post type-post status-publish format-standard has-post-thumbnail hentry category-a-nosa-memoria\">\n\t\t\t\t<a aria-hidden=\"true\" tabindex=\"-1\" role=\"presentation\" class=\"post-thumbnail kadence-thumbnail-ratio-2-3\" href=\"https:\/\/acasadegalicia.uy\/sitio\/memorias-del-escenario-actuaciones-historicas-de-casa-de-galicia\/\" aria-label=\"Memorias del escenario \u2014 Actuaciones hist\u00f3ricas de Casa de Galicia\">\n\t\t\t<div class=\"post-thumbnail-inner\">\n\t\t\t\t<img data-opt-id=1376575510  data-opt-src=\"https:\/\/mlqp0balqxgu.i.optimole.com\/w:768\/h:532\/q:mauto\/f:best\/https:\/\/acasadegalicia.uy\/sitio\/wp-content\/uploads\/2026\/04\/PHOTO-2025-09-07-16-56-00-e1777166747852.jpg\"  decoding=\"async\" width=\"768\" height=\"532\" src=\"data:image/svg+xml,%3Csvg%20viewBox%3D%220%200%20768%20532%22%20width%3D%22768%22%20height%3D%22532%22%20xmlns%3D%22http%3A%2F%2Fwww.w3.org%2F2000%2Fsvg%22%3E%3Crect%20width%3D%22768%22%20height%3D%22532%22%20fill%3D%22transparent%22%2F%3E%3C%2Fsvg%3E\" class=\"attachment-medium_large size-medium_large wp-post-image\" alt=\"Memorias del escenario \u2014 Actuaciones hist\u00f3ricas de Casa de Galicia\" old-srcset=\"https:\/\/mlqp0balqxgu.i.optimole.com\/w:768\/h:532\/q:mauto\/f:best\/https:\/\/acasadegalicia.uy\/sitio\/wp-content\/uploads\/2026\/04\/PHOTO-2025-09-07-16-56-00-e1777166747852.jpg 768w, https:\/\/mlqp0balqxgu.i.optimole.com\/w:300\/h:208\/q:mauto\/f:best\/https:\/\/acasadegalicia.uy\/sitio\/wp-content\/uploads\/2026\/04\/PHOTO-2025-09-07-16-56-00-e1777166747852.jpg 300w, https:\/\/mlqp0balqxgu.i.optimole.com\/w:1024\/h:709\/q:mauto\/f:best\/https:\/\/acasadegalicia.uy\/sitio\/wp-content\/uploads\/2026\/04\/PHOTO-2025-09-07-16-56-00-e1777166747852.jpg 1024w, https:\/\/mlqp0balqxgu.i.optimole.com\/w:610\/h:422\/q:mauto\/f:best\/https:\/\/acasadegalicia.uy\/sitio\/wp-content\/uploads\/2026\/04\/PHOTO-2025-09-07-16-56-00-e1777166747852.jpg 610w, https:\/\/mlqp0balqxgu.i.optimole.com\/w:1395\/h:966\/q:mauto\/f:best\/https:\/\/acasadegalicia.uy\/sitio\/wp-content\/uploads\/2026\/04\/PHOTO-2025-09-07-16-56-00-e1777166747852.jpg 1395w\" \/>\t\t\t<\/div>\n\t\t<\/a><!-- .post-thumbnail -->\n\t\t\t\t<div class=\"entry-content-wrap\">\n\t\t\t<header class=\"entry-header\">\n\t\t<div class=\"entry-taxonomies\">\n\t\t<span class=\"category-links term-links category-style-normal\">\n\t\t\t<a href=\"https:\/\/acasadegalicia.uy\/sitio\/category\/a-nosa-memoria\/\" class=\"category-link-a-nosa-memoria\" rel=\"tag\">A Nosa Memoria<\/a>\t\t<\/span>\n\t<\/div><!-- .entry-taxonomies -->\n\t<h2 class=\"entry-title\"><a href=\"https:\/\/acasadegalicia.uy\/sitio\/memorias-del-escenario-actuaciones-historicas-de-casa-de-galicia\/\" rel=\"bookmark\">Memorias del escenario \u2014 Actuaciones hist\u00f3ricas de Casa de Galicia<\/a><\/h2>\t<div class=\"entry-meta entry-meta-divider-dot\">\n\t<span class=\"posted-by\"><span class=\"meta-label\">Por<\/span><span class=\"author vcard\"><span class=\"fn n\">A Casa de Galicia<\/span><\/span><\/span>\t\t\t<span class=\"posted-on\">\n\t\t\t\t<time class=\"entry-date published\" datetime=\"2026-04-25T22:27:34-03:00\">abril 25, 2026<\/time><time class=\"updated\" datetime=\"2026-04-25T22:44:23-03:00\">abril 25, 2026<\/time>\t\t\t<\/span>\n\t\t\t\t<\/div><!-- .entry-meta -->\n\t<\/header><!-- .entry-header -->\n\t<div class=\"entry-summary\">\n\t\t<p>A lo largo de d\u00e9cadas, Casa de Galicia fue escenario de innumerablesactuaciones que marcaron la vida cultural galega en Montevideo.M\u00fasicos, bailarines y gaiteros que dieron vida a nuestra tradici\u00f3nen cada rinc\u00f3n de la ciudad. Entre estas im\u00e1genes, momentos \u00fanicos: la actuaci\u00f3n en el hist\u00f3ricoTeatro Sol\u00eds con Reino, las noches en nuestra sede con los gaiterosPichel&#8230;<\/p>\n\t<\/div><!-- .entry-summary -->\n\t<footer class=\"entry-footer\">\n\t\t\t<div class=\"entry-actions\">\n\t\t\t<p class=\"more-link-wrap\">\n\t\t\t\t<a href=\"https:\/\/acasadegalicia.uy\/sitio\/memorias-del-escenario-actuaciones-historicas-de-casa-de-galicia\/\" class=\"post-more-link\">\n\t\t\t\t\tLeer m\u00e1s<span class=\"screen-reader-text\"> Memorias del escenario \u2014 Actuaciones hist\u00f3ricas de Casa de Galicia<\/span><span class=\"kadence-svg-iconset svg-baseline\"><svg aria-hidden=\"true\" class=\"kadence-svg-icon kadence-arrow-right-alt-svg\" fill=\"currentColor\" version=\"1.1\" xmlns=\"http:\/\/www.w3.org\/2000\/svg\" width=\"27\" height=\"28\" viewBox=\"0 0 27 28\"><title>Continuar<\/title><path d=\"M27 13.953c0 0.141-0.063 0.281-0.156 0.375l-6 5.531c-0.156 0.141-0.359 0.172-0.547 0.094-0.172-0.078-0.297-0.25-0.297-0.453v-3.5h-19.5c-0.281 0-0.5-0.219-0.5-0.5v-3c0-0.281 0.219-0.5 0.5-0.5h19.5v-3.5c0-0.203 0.109-0.375 0.297-0.453s0.391-0.047 0.547 0.078l6 5.469c0.094 0.094 0.156 0.219 0.156 0.359v0z\"><\/path>\n\t\t\t<\/svg><\/span>\t\t\t\t<\/a>\n\t\t\t<\/p>\n\t\t<\/div><!-- .entry-actions -->\n\t\t<\/footer><!-- .entry-footer -->\t\t<\/div>\n\t<\/article>\n<\/li>\n<li class=\"kb-post-list-item\">\n\t<article class=\"entry content-bg loop-entry post-2075 post type-post status-publish format-standard has-post-thumbnail hentry category-a-nosa-memoria\">\n\t\t\t\t<a aria-hidden=\"true\" tabindex=\"-1\" role=\"presentation\" class=\"post-thumbnail kadence-thumbnail-ratio-2-3\" href=\"https:\/\/acasadegalicia.uy\/sitio\/actuacion-en-casa-de-galicia-pichel-y-pino-en-la-gaita\/\" aria-label=\"Actuaci\u00f3n en Casa de Galicia \u2014 Pichel y Pino en la gaita\">\n\t\t\t<div class=\"post-thumbnail-inner\">\n\t\t\t\t<img data-opt-id=106496557  data-opt-src=\"https:\/\/mlqp0balqxgu.i.optimole.com\/w:768\/h:494\/q:mauto\/f:best\/https:\/\/acasadegalicia.uy\/sitio\/wp-content\/uploads\/2026\/04\/PHOTO-2025-09-08-22-11-26-e1777166557827.jpg\"  decoding=\"async\" width=\"768\" height=\"494\" src=\"data:image/svg+xml,%3Csvg%20viewBox%3D%220%200%20768%20494%22%20width%3D%22768%22%20height%3D%22494%22%20xmlns%3D%22http%3A%2F%2Fwww.w3.org%2F2000%2Fsvg%22%3E%3Crect%20width%3D%22768%22%20height%3D%22494%22%20fill%3D%22transparent%22%2F%3E%3C%2Fsvg%3E\" class=\"attachment-medium_large size-medium_large wp-post-image\" alt=\"Actuaci\u00f3n en Casa de Galicia \u2014 Pichel y Pino en la gaita\" old-srcset=\"https:\/\/mlqp0balqxgu.i.optimole.com\/w:768\/h:494\/q:mauto\/f:best\/https:\/\/acasadegalicia.uy\/sitio\/wp-content\/uploads\/2026\/04\/PHOTO-2025-09-08-22-11-26-e1777166557827.jpg 768w, https:\/\/mlqp0balqxgu.i.optimole.com\/w:300\/h:193\/q:mauto\/f:best\/https:\/\/acasadegalicia.uy\/sitio\/wp-content\/uploads\/2026\/04\/PHOTO-2025-09-08-22-11-26-e1777166557827.jpg 300w, https:\/\/mlqp0balqxgu.i.optimole.com\/w:1024\/h:658\/q:mauto\/f:best\/https:\/\/acasadegalicia.uy\/sitio\/wp-content\/uploads\/2026\/04\/PHOTO-2025-09-08-22-11-26-e1777166557827.jpg 1024w, https:\/\/mlqp0balqxgu.i.optimole.com\/w:1536\/h:987\/q:mauto\/f:best\/https:\/\/acasadegalicia.uy\/sitio\/wp-content\/uploads\/2026\/04\/PHOTO-2025-09-08-22-11-26-e1777166557827.jpg 1536w, https:\/\/mlqp0balqxgu.i.optimole.com\/w:610\/h:392\/q:mauto\/f:best\/https:\/\/acasadegalicia.uy\/sitio\/wp-content\/uploads\/2026\/04\/PHOTO-2025-09-08-22-11-26-e1777166557827.jpg 610w, https:\/\/mlqp0balqxgu.i.optimole.com\/w:1920\/h:1233\/q:mauto\/f:best\/https:\/\/acasadegalicia.uy\/sitio\/wp-content\/uploads\/2026\/04\/PHOTO-2025-09-08-22-11-26-e1777166557827.jpg 2048w\" \/>\t\t\t<\/div>\n\t\t<\/a><!-- .post-thumbnail -->\n\t\t\t\t<div class=\"entry-content-wrap\">\n\t\t\t<header class=\"entry-header\">\n\t\t<div class=\"entry-taxonomies\">\n\t\t<span class=\"category-links term-links category-style-normal\">\n\t\t\t<a href=\"https:\/\/acasadegalicia.uy\/sitio\/category\/a-nosa-memoria\/\" class=\"category-link-a-nosa-memoria\" rel=\"tag\">A Nosa Memoria<\/a>\t\t<\/span>\n\t<\/div><!-- .entry-taxonomies -->\n\t<h2 class=\"entry-title\"><a href=\"https:\/\/acasadegalicia.uy\/sitio\/actuacion-en-casa-de-galicia-pichel-y-pino-en-la-gaita\/\" rel=\"bookmark\">Actuaci\u00f3n en Casa de Galicia \u2014 Pichel y Pino en la gaita<\/a><\/h2>\t<div class=\"entry-meta entry-meta-divider-dot\">\n\t<span class=\"posted-by\"><span class=\"meta-label\">Por<\/span><span class=\"author vcard\"><span class=\"fn n\">A Casa de Galicia<\/span><\/span><\/span>\t\t\t<span class=\"posted-on\">\n\t\t\t\t<time class=\"entry-date published\" datetime=\"2026-04-25T22:22:52-03:00\">abril 25, 2026<\/time><time class=\"updated\" datetime=\"2026-04-25T22:44:46-03:00\">abril 25, 2026<\/time>\t\t\t<\/span>\n\t\t\t\t<\/div><!-- .entry-meta -->\n\t<\/header><!-- .entry-header -->\n\t<div class=\"entry-summary\">\n\t\t<p>Una noche de m\u00fasica galega en nuestra sede. En la imagen, actuando juntoa Pichel y el gaitero Pino \u2014 dos nombres que marcaron la m\u00fasica tradicionalgalega en el R\u00edo de la Plata. \u00bfLos conociste? \u00bfTen\u00e9s m\u00e1s fotos de estas actuaciones? Compart\u00edlas en los comentarios.<\/p>\n\t<\/div><!-- .entry-summary -->\n\t<footer class=\"entry-footer\">\n\t\t\t<div class=\"entry-actions\">\n\t\t\t<p class=\"more-link-wrap\">\n\t\t\t\t<a href=\"https:\/\/acasadegalicia.uy\/sitio\/actuacion-en-casa-de-galicia-pichel-y-pino-en-la-gaita\/\" class=\"post-more-link\">\n\t\t\t\t\tLeer m\u00e1s<span class=\"screen-reader-text\"> Actuaci\u00f3n en Casa de Galicia \u2014 Pichel y Pino en la gaita<\/span><span class=\"kadence-svg-iconset svg-baseline\"><svg aria-hidden=\"true\" class=\"kadence-svg-icon kadence-arrow-right-alt-svg\" fill=\"currentColor\" version=\"1.1\" xmlns=\"http:\/\/www.w3.org\/2000\/svg\" width=\"27\" height=\"28\" viewBox=\"0 0 27 28\"><title>Continuar<\/title><path d=\"M27 13.953c0 0.141-0.063 0.281-0.156 0.375l-6 5.531c-0.156 0.141-0.359 0.172-0.547 0.094-0.172-0.078-0.297-0.25-0.297-0.453v-3.5h-19.5c-0.281 0-0.5-0.219-0.5-0.5v-3c0-0.281 0.219-0.5 0.5-0.5h19.5v-3.5c0-0.203 0.109-0.375 0.297-0.453s0.391-0.047 0.547 0.078l6 5.469c0.094 0.094 0.156 0.219 0.156 0.359v0z\"><\/path>\n\t\t\t<\/svg><\/span>\t\t\t\t<\/a>\n\t\t\t<\/p>\n\t\t<\/div><!-- .entry-actions -->\n\t\t<\/footer><!-- .entry-footer -->\t\t<\/div>\n\t<\/article>\n<\/li>\n<li class=\"kb-post-list-item\">\n\t<article class=\"entry content-bg loop-entry post-2072 post type-post status-publish format-standard has-post-thumbnail hentry category-a-nosa-memoria\">\n\t\t\t\t<a aria-hidden=\"true\" tabindex=\"-1\" role=\"presentation\" class=\"post-thumbnail kadence-thumbnail-ratio-2-3\" href=\"https:\/\/acasadegalicia.uy\/sitio\/la-boda-en-el-teatro-solis-%c2%b7-ano-a-confirmar\/\" aria-label=\"La boda en el Teatro Sol\u00eds \u00b7 A\u00f1o a confirmar\">\n\t\t\t<div class=\"post-thumbnail-inner\">\n\t\t\t\t<img data-opt-id=612679851  data-opt-src=\"https:\/\/mlqp0balqxgu.i.optimole.com\/w:768\/h:502\/q:mauto\/f:best\/https:\/\/acasadegalicia.uy\/sitio\/wp-content\/uploads\/2026\/04\/PHOTO-2025-09-08-22-08-45.jpg\"  decoding=\"async\" width=\"768\" height=\"502\" src=\"data:image/svg+xml,%3Csvg%20viewBox%3D%220%200%20768%20502%22%20width%3D%22768%22%20height%3D%22502%22%20xmlns%3D%22http%3A%2F%2Fwww.w3.org%2F2000%2Fsvg%22%3E%3Crect%20width%3D%22768%22%20height%3D%22502%22%20fill%3D%22transparent%22%2F%3E%3C%2Fsvg%3E\" class=\"attachment-medium_large size-medium_large wp-post-image\" alt=\"La boda en el Teatro Sol\u00eds \u00b7 A\u00f1o a confirmar\" old-srcset=\"https:\/\/mlqp0balqxgu.i.optimole.com\/w:768\/h:502\/q:mauto\/f:best\/https:\/\/acasadegalicia.uy\/sitio\/wp-content\/uploads\/2026\/04\/PHOTO-2025-09-08-22-08-45.jpg 768w, https:\/\/mlqp0balqxgu.i.optimole.com\/w:300\/h:196\/q:mauto\/f:best\/https:\/\/acasadegalicia.uy\/sitio\/wp-content\/uploads\/2026\/04\/PHOTO-2025-09-08-22-08-45.jpg 300w, https:\/\/mlqp0balqxgu.i.optimole.com\/w:1024\/h:669\/q:mauto\/f:best\/https:\/\/acasadegalicia.uy\/sitio\/wp-content\/uploads\/2026\/04\/PHOTO-2025-09-08-22-08-45.jpg 1024w, https:\/\/mlqp0balqxgu.i.optimole.com\/w:1536\/h:1004\/q:mauto\/f:best\/https:\/\/acasadegalicia.uy\/sitio\/wp-content\/uploads\/2026\/04\/PHOTO-2025-09-08-22-08-45.jpg 1536w, https:\/\/mlqp0balqxgu.i.optimole.com\/w:610\/h:399\/q:mauto\/f:best\/https:\/\/acasadegalicia.uy\/sitio\/wp-content\/uploads\/2026\/04\/PHOTO-2025-09-08-22-08-45.jpg 610w, https:\/\/mlqp0balqxgu.i.optimole.com\/w:1920\/h:1254\/q:mauto\/f:best\/https:\/\/acasadegalicia.uy\/sitio\/wp-content\/uploads\/2026\/04\/PHOTO-2025-09-08-22-08-45.jpg 2048w\" \/>\t\t\t<\/div>\n\t\t<\/a><!-- .post-thumbnail -->\n\t\t\t\t<div class=\"entry-content-wrap\">\n\t\t\t<header class=\"entry-header\">\n\t\t<div class=\"entry-taxonomies\">\n\t\t<span class=\"category-links term-links category-style-normal\">\n\t\t\t<a href=\"https:\/\/acasadegalicia.uy\/sitio\/category\/a-nosa-memoria\/\" class=\"category-link-a-nosa-memoria\" rel=\"tag\">A Nosa Memoria<\/a>\t\t<\/span>\n\t<\/div><!-- .entry-taxonomies -->\n\t<h2 class=\"entry-title\"><a href=\"https:\/\/acasadegalicia.uy\/sitio\/la-boda-en-el-teatro-solis-%c2%b7-ano-a-confirmar\/\" rel=\"bookmark\">La boda en el Teatro Sol\u00eds \u00b7 A\u00f1o a confirmar<\/a><\/h2>\t<div class=\"entry-meta entry-meta-divider-dot\">\n\t<span class=\"posted-by\"><span class=\"meta-label\">Por<\/span><span class=\"author vcard\"><span class=\"fn n\">A Casa de Galicia<\/span><\/span><\/span>\t\t\t<span class=\"posted-on\">\n\t\t\t\t<time class=\"entry-date published\" datetime=\"2026-04-25T22:21:31-03:00\">abril 25, 2026<\/time><time class=\"updated\" datetime=\"2026-04-25T22:45:21-03:00\">abril 25, 2026<\/time>\t\t\t<\/span>\n\t\t\t\t<\/div><!-- .entry-meta -->\n\t<\/header><!-- .entry-header -->\n\t<div class=\"entry-summary\">\n\t\t<p>Una boda celebrada con toda la tradici\u00f3n galega en el hist\u00f3rico Teatro Sol\u00edsde Montevideo. La actuaci\u00f3n de Reino marc\u00f3 una de las veladas m\u00e1s emotivasde la historia de Casa de Galicia. \u00bfRecord\u00e1s esta noche? Contanos en los comentarios.<\/p>\n\t<\/div><!-- .entry-summary -->\n\t<footer class=\"entry-footer\">\n\t\t\t<div class=\"entry-actions\">\n\t\t\t<p class=\"more-link-wrap\">\n\t\t\t\t<a href=\"https:\/\/acasadegalicia.uy\/sitio\/la-boda-en-el-teatro-solis-%c2%b7-ano-a-confirmar\/\" class=\"post-more-link\">\n\t\t\t\t\tLeer m\u00e1s<span class=\"screen-reader-text\"> La boda en el Teatro Sol\u00eds \u00b7 A\u00f1o a confirmar<\/span><span class=\"kadence-svg-iconset svg-baseline\"><svg aria-hidden=\"true\" class=\"kadence-svg-icon kadence-arrow-right-alt-svg\" fill=\"currentColor\" version=\"1.1\" xmlns=\"http:\/\/www.w3.org\/2000\/svg\" width=\"27\" height=\"28\" viewBox=\"0 0 27 28\"><title>Continuar<\/title><path d=\"M27 13.953c0 0.141-0.063 0.281-0.156 0.375l-6 5.531c-0.156 0.141-0.359 0.172-0.547 0.094-0.172-0.078-0.297-0.25-0.297-0.453v-3.5h-19.5c-0.281 0-0.5-0.219-0.5-0.5v-3c0-0.281 0.219-0.5 0.5-0.5h19.5v-3.5c0-0.203 0.109-0.375 0.297-0.453s0.391-0.047 0.547 0.078l6 5.469c0.094 0.094 0.156 0.219 0.156 0.359v0z\"><\/path>\n\t\t\t<\/svg><\/span>\t\t\t\t<\/a>\n\t\t\t<\/p>\n\t\t<\/div><!-- .entry-actions -->\n\t\t<\/footer><!-- .entry-footer -->\t\t<\/div>\n\t<\/article>\n<\/li>\n<li class=\"kb-post-list-item\">\n\t<article class=\"entry content-bg loop-entry post-2069 post type-post status-publish format-standard has-post-thumbnail hentry category-a-nosa-memoria\">\n\t\t\t\t<a aria-hidden=\"true\" tabindex=\"-1\" role=\"presentation\" class=\"post-thumbnail kadence-thumbnail-ratio-2-3\" href=\"https:\/\/acasadegalicia.uy\/sitio\/reconocimiento-por-25-anos-de-baile-a-nuestro-prof-ramon-alvarez-%c2%b7-2001\/\" aria-label=\"Reconocimiento por 25 a\u00f1os de baile a nuestro Prof. Ram\u00f3n \u00c1lvarez \u00b7 2001\">\n\t\t\t<div class=\"post-thumbnail-inner\">\n\t\t\t\t<img data-opt-id=1262024027  data-opt-src=\"https:\/\/mlqp0balqxgu.i.optimole.com\/w:768\/h:1365\/q:mauto\/f:best\/https:\/\/acasadegalicia.uy\/sitio\/wp-content\/uploads\/2026\/04\/PHOTO-2025-09-08-23-23-09.jpg\"  decoding=\"async\" width=\"768\" height=\"1365\" src=\"data:image/svg+xml,%3Csvg%20viewBox%3D%220%200%20768%201365%22%20width%3D%22768%22%20height%3D%221365%22%20xmlns%3D%22http%3A%2F%2Fwww.w3.org%2F2000%2Fsvg%22%3E%3Crect%20width%3D%22768%22%20height%3D%221365%22%20fill%3D%22transparent%22%2F%3E%3C%2Fsvg%3E\" class=\"attachment-medium_large size-medium_large wp-post-image\" alt=\"Reconocimiento por 25 a\u00f1os de baile a nuestro Prof. Ram\u00f3n \u00c1lvarez \u00b7 2001\" old-srcset=\"https:\/\/mlqp0balqxgu.i.optimole.com\/w:768\/h:1365\/q:mauto\/f:best\/https:\/\/acasadegalicia.uy\/sitio\/wp-content\/uploads\/2026\/04\/PHOTO-2025-09-08-23-23-09.jpg 768w, https:\/\/mlqp0balqxgu.i.optimole.com\/w:169\/h:300\/q:mauto\/f:best\/https:\/\/acasadegalicia.uy\/sitio\/wp-content\/uploads\/2026\/04\/PHOTO-2025-09-08-23-23-09.jpg 169w, https:\/\/mlqp0balqxgu.i.optimole.com\/w:576\/h:1024\/q:mauto\/f:best\/https:\/\/acasadegalicia.uy\/sitio\/wp-content\/uploads\/2026\/04\/PHOTO-2025-09-08-23-23-09.jpg 576w, https:\/\/mlqp0balqxgu.i.optimole.com\/w:864\/h:1536\/q:mauto\/f:best\/https:\/\/acasadegalicia.uy\/sitio\/wp-content\/uploads\/2026\/04\/PHOTO-2025-09-08-23-23-09.jpg 864w, https:\/\/mlqp0balqxgu.i.optimole.com\/w:610\/h:1084\/q:mauto\/f:best\/https:\/\/acasadegalicia.uy\/sitio\/wp-content\/uploads\/2026\/04\/PHOTO-2025-09-08-23-23-09.jpg 610w, https:\/\/mlqp0balqxgu.i.optimole.com\/w:900\/h:1600\/q:mauto\/f:best\/https:\/\/acasadegalicia.uy\/sitio\/wp-content\/uploads\/2026\/04\/PHOTO-2025-09-08-23-23-09.jpg 900w\" \/>\t\t\t<\/div>\n\t\t<\/a><!-- .post-thumbnail -->\n\t\t\t\t<div class=\"entry-content-wrap\">\n\t\t\t<header class=\"entry-header\">\n\t\t<div class=\"entry-taxonomies\">\n\t\t<span class=\"category-links term-links category-style-normal\">\n\t\t\t<a href=\"https:\/\/acasadegalicia.uy\/sitio\/category\/a-nosa-memoria\/\" class=\"category-link-a-nosa-memoria\" rel=\"tag\">A Nosa Memoria<\/a>\t\t<\/span>\n\t<\/div><!-- .entry-taxonomies -->\n\t<h2 class=\"entry-title\"><a href=\"https:\/\/acasadegalicia.uy\/sitio\/reconocimiento-por-25-anos-de-baile-a-nuestro-prof-ramon-alvarez-%c2%b7-2001\/\" rel=\"bookmark\">Reconocimiento por 25 a\u00f1os de baile a nuestro Prof. Ram\u00f3n \u00c1lvarez \u00b7 2001<\/a><\/h2>\t<div class=\"entry-meta entry-meta-divider-dot\">\n\t<span class=\"posted-by\"><span class=\"meta-label\">Por<\/span><span class=\"author vcard\"><span class=\"fn n\">A Casa de Galicia<\/span><\/span><\/span>\t\t\t<span class=\"posted-on\">\n\t\t\t\t<time class=\"entry-date published\" datetime=\"2026-04-25T22:19:55-03:00\">abril 25, 2026<\/time><time class=\"updated\" datetime=\"2026-04-25T22:45:53-03:00\">abril 25, 2026<\/time>\t\t\t<\/span>\n\t\t\t\t<\/div><!-- .entry-meta -->\n\t<\/header><!-- .entry-header -->\n\t<div class=\"entry-summary\">\n\t\t<p>A\u00f1o 2001. Entrega de reconocimiento por 25 a\u00f1os de dedicaci\u00f3n al bailetradicional gallego en Casa de Galicia. \u00bfRecord\u00e1s este momento? \u00bfEstuviste en la ceremonia? Contanos en los comentarios.<\/p>\n\t<\/div><!-- .entry-summary -->\n\t<footer class=\"entry-footer\">\n\t\t\t<div class=\"entry-actions\">\n\t\t\t<p class=\"more-link-wrap\">\n\t\t\t\t<a href=\"https:\/\/acasadegalicia.uy\/sitio\/reconocimiento-por-25-anos-de-baile-a-nuestro-prof-ramon-alvarez-%c2%b7-2001\/\" class=\"post-more-link\">\n\t\t\t\t\tLeer m\u00e1s<span class=\"screen-reader-text\"> Reconocimiento por 25 a\u00f1os de baile a nuestro Prof. Ram\u00f3n \u00c1lvarez \u00b7 2001<\/span><span class=\"kadence-svg-iconset svg-baseline\"><svg aria-hidden=\"true\" class=\"kadence-svg-icon kadence-arrow-right-alt-svg\" fill=\"currentColor\" version=\"1.1\" xmlns=\"http:\/\/www.w3.org\/2000\/svg\" width=\"27\" height=\"28\" viewBox=\"0 0 27 28\"><title>Continuar<\/title><path d=\"M27 13.953c0 0.141-0.063 0.281-0.156 0.375l-6 5.531c-0.156 0.141-0.359 0.172-0.547 0.094-0.172-0.078-0.297-0.25-0.297-0.453v-3.5h-19.5c-0.281 0-0.5-0.219-0.5-0.5v-3c0-0.281 0.219-0.5 0.5-0.5h19.5v-3.5c0-0.203 0.109-0.375 0.297-0.453s0.391-0.047 0.547 0.078l6 5.469c0.094 0.094 0.156 0.219 0.156 0.359v0z\"><\/path>\n\t\t\t<\/svg><\/span>\t\t\t\t<\/a>\n\t\t\t<\/p>\n\t\t<\/div><!-- .entry-actions -->\n\t\t<\/footer><!-- .entry-footer -->\t\t<\/div>\n\t<\/article>\n<\/li>\n<\/ul><\/div>\n<\/div><\/div>\n<\/div>\n<\/div><\/div>\n\n\n\n<div style=\"background:#ffffff; padding:12px 40px 48px 40px; display:flex; justify-content:space-between; align-items:center; flex-wrap:wrap; gap:12px;\">\n  \n  <p style=\"font-family:'EB Garamond',serif; font-size:18px; color:#555; font-style:italic; margin:0; max-width:500px;\">\n    \u00bfTen\u00e9s fotos o recuerdos para compartir con nosotros? \n    <a href=\"\/sitio\/comparti-tu-recuerdo\/\" style=\"color:#c0111a; text-decoration:none;\">Compart\u00edlos ac\u00e1 \u2192<\/a>\n  <\/p>\n\n  <a href=\"\/sitio\/category\/a-nosa-memoria\/\" \n     style=\"font-family:'Cinzel',serif; font-size:15px; color:#1a2a6c; text-decoration:none; border-bottom:1px solid #1a2a6c; padding-bottom:2px; letter-spacing:0.5px; white-space:nowrap;\">\n    Ver el archivo completo \u2192\n  <\/a>\n\n<\/div>\n\n\n\n<div id=\"wp-block-themeisle-blocks-advanced-columns-faa760c1\" class=\"wp-block-themeisle-blocks-advanced-columns has-1-columns has-desktop-equal-layout has-tablet-equal-layout has-mobile-equal-layout has-vertical-unset\"><div class=\"wp-block-themeisle-blocks-advanced-columns-overlay\"><\/div><div class=\"innerblocks-wrap\">\n<div id=\"wp-block-themeisle-blocks-advanced-column-deea7211\" class=\"wp-block-themeisle-blocks-advanced-column has-light-bg\">\n<div style=\"background:#f4f4f2; padding:10px 0 0 0;\">\n  <div class=\"sec-label-custom\" style=\"margin-top:0; margin-bottom:4px;\"><span>SEGUINOS<\/span><span class=\"linea\"><\/span><\/div>\n<style>\n.sec-label-custom {\n  display: flex;\n  align-items: center;\n  gap: 12px;\n  margin-bottom: 8px;\n  margin-top: 10px;\n  margin-left: 20px;\n}\n.sec-label-custom span:first-child {\n  font-size: 11px;\n  font-weight: 700;\n  letter-spacing: 3px;\n  color: #c0111a;\n  text-transform: uppercase;\n  font-family: 'Cinzel', serif;\n  margin-top: 10px;\n}\n.sec-label-custom .linea {\n  display: block;\n  width: 80%;\n  height: 2px;\n  background: #c0111a;\n  opacity: 0.5;\n  margin-top: 10px;\n}\n<\/style>\n  <h2 class=\"wp-block-heading has-theme-palette-1-color has-text-color has-link-color wp-elements-ae12d1619bbd4c925a03840a96a73b78\" style=\"margin-top:-5px;margin-left:var(--wp--preset--spacing--30)\">Tambi\u00e9n en redes sociales<\/h2>\n  <div style=\"display:grid; grid-template-columns:1fr 1fr; gap:24px; align-items:start; padding-bottom:48px;\">\n    <div style=\"background:white; border-radius:6px; border:0.5px solid #e0e0e0; border-top:3px solid #1877F2; min-width:0; overflow:hidden;\">\n      <div style=\"padding:14px 16px; display:flex; align-items:center; gap:10px; border-bottom:0.5px solid #e8e8e8;\">\n        <div style=\"width:32px; height:32px; background:#1877F2; border-radius:50%; display:flex; align-items:center; justify-content:center; flex-shrink:0;\"><span style=\"color:white; font-weight:900; font-size:18px;\">f<\/span><\/div>\n        <div><div style=\"font-family:'Cinzel',serif; font-size:12px; font-weight:700; color:#1a2a6c;\">A Casa de Galicia Centro Hist\u00f3rico-Cultural<\/div><div style=\"font-size:11px; color:#999;\">Facebook<\/div><\/div>\n        <a href=\"https:\/\/www.facebook.com\/profile.php?id=100093997892334\" target=\"_blank\" style=\"margin-left:auto; background:#1877F2; color:white; font-family:'Cinzel',serif; font-size:10px; padding:5px 12px; border-radius:2px; text-decoration:none; flex-shrink:0;\">Seguir<\/a>\n      <\/div>\n      <div style=\"overflow:hidden; height:500px;\">\n        <iframe src=\"https:\/\/www.facebook.com\/plugins\/page.php?href=https%3A%2F%2Fwww.facebook.com%2Fprofile.php%3Fid%3D100093997892334&#038;tabs=timeline&#038;width=700&#038;height=500&#038;small_header=true&#038;adapt_container_width=true&#038;hide_cover=false&#038;show_facepile=false\" style=\"border:none; overflow:hidden; display:block; width:100%; height:500px;\" scrolling=\"no\" frameborder=\"0\" allowfullscreen=\"true\" allow=\"autoplay; clipboard-write; encrypted-media; picture-in-picture; web-share\"><\/iframe>\n      <\/div>\n      <div style=\"padding:10px 16px; border-top:0.5px solid #f0f0f0; text-align:center;\"><a href=\"https:\/\/www.facebook.com\/profile.php?id=100093997892334\" target=\"_blank\" style=\"font-family:'Cinzel',serif; font-size:10px; color:#1a2a6c; text-decoration:none; border-bottom:1px solid #1a2a6c;\">Ver todas las publicaciones \u2192<\/a><\/div>\n    <\/div>\n    <div style=\"background:white; border-radius:6px; border:0.5px solid #e0e0e0; border-top:3px solid #c0111a; min-width:0; overflow:hidden;\">\n      <div style=\"padding:14px 16px; display:flex; align-items:center; gap:10px; border-bottom:0.5px solid #e8e8e8;\">\n        <div style=\"width:32px; height:32px; border-radius:50%; display:flex; align-items:center; justify-content:center; flex-shrink:0; background:linear-gradient(45deg,#f09433,#e6683c,#dc2743,#cc2366,#bc1888);\"><span style=\"color:white; font-size:15px;\">&#x1f4f8;<\/span><\/div>\n        <div><div style=\"font-family:'Cinzel',serif; font-size:12px; font-weight:700; color:#1a2a6c;\">A Casa de Galicia Centro Hist\u00f3rico-Cultural<\/div><div style=\"font-size:11px; color:#999;\">@acasadegalicia.uy<\/div><\/div>\n        <a href=\"https:\/\/www.instagram.com\/acasadegalicia.uy\/\" target=\"_blank\" style=\"margin-left:auto; background:#c0111a; color:white; font-family:'Cinzel',serif; font-size:10px; padding:5px 12px; border-radius:2px; text-decoration:none; flex-shrink:0;\">Seguir<\/a>\n      <\/div>\n      <div style=\"height:500px; overflow:hidden;\">\n        <blockquote class=\"instagram-media\" data-instgrm-permalink=\"https:\/\/www.instagram.com\/acasadegalicia.uy\/\" data-instgrm-version=\"14\" style=\"background:#fff; border:0; margin:0; padding:0; width:100%; min-width:0;\"><\/blockquote>\n        <script async src=\"\/\/www.instagram.com\/embed.js\"><\/script>\n      <\/div>\n      <div style=\"padding:10px 16px; border-top:0.5px solid #f0f0f0; text-align:center;\"><a href=\"https:\/\/www.instagram.com\/USUARIO_IG\/\" target=\"_blank\" style=\"font-family:'Cinzel',serif; font-size:10px; color:#1a2a6c; text-decoration:none; border-bottom:1px solid #1a2a6c;\">Ver el perfil completo \u2192<\/a><\/div>\n    <\/div>\n  <\/div>\n<\/div>\n<\/div>\n<\/div><\/div>\n\n\n\n<div id=\"wp-block-themeisle-blocks-advanced-columns-184319f1\" class=\"wp-block-themeisle-blocks-advanced-columns has-1-columns has-desktop-equal-layout has-tablet-equal-layout has-mobile-equal-layout has-vertical-unset\"><div class=\"wp-block-themeisle-blocks-advanced-columns-overlay\"><\/div><div class=\"innerblocks-wrap\">\n<div id=\"wp-block-themeisle-blocks-advanced-column-8f23edda\" class=\"wp-block-themeisle-blocks-advanced-column\">\n<div class=\"sec-label-custom\" style=\"margin-bottom:8px; margin-top:5px;\">\n    <span>CONTACTO<\/span><span class=\"linea\"><\/span>\n  <\/div>\n  <h2 style=\"font-family:'Cinzel',serif; color:#1a2a6c; font-size:28px; font-weight:600; margin-bottom:8px; margin-top:0; margin-left:10px;\">\u00bfTen\u00e9s alguna consulta?<\/h2>\n  <p style=\"font-family:'EB Garamond',serif; font-size:16px; color:#666; margin-bottom:28px; margin-left:20px;\">Escribinos y te respondemos a la brevedad.<\/p>\n<\/div>\n<\/div><\/div>\n\n\n\n<div id=\"wp-block-themeisle-blocks-advanced-columns-4f643567\" class=\"wp-block-themeisle-blocks-advanced-columns has-1-columns has-desktop-equal-layout has-tablet-equal-layout has-mobile-collapsedRows-layout has-vertical-unset\"><div class=\"wp-block-themeisle-blocks-advanced-columns-overlay\"><\/div><div class=\"innerblocks-wrap\">\n<div id=\"wp-block-themeisle-blocks-advanced-column-a62edd03\" class=\"wp-block-themeisle-blocks-advanced-column\">\n<div style=\"display:flex; gap:32px; flex-wrap:wrap; margin-bottom:8px;\">\n  <div style=\"display:flex; align-items:center; gap:10px;\">\n    <span>&#x1f4cd;<\/span>\n    <span style=\"font-family:'EB Garamond',serif; font-size:16px; color:#333;\">Sede Hijos de Galicia &#8211; Jos\u00e9 E. Rod\u00f3 2380, Montevideo<\/span>\n  <\/div>\n  <div style=\"display:flex; align-items:center; gap:10px;\">\n    <span>&#x1f4cd;<\/span>\n    <span style=\"font-family:'EB Garamond',serif; font-size:16px; color:#333;\">Sede Ourens\u00e1n &#8211; Ana Monterroso de Lavalleja 2014, Montevideo<\/span>\n  <\/div>\n  <div style=\"display:flex; align-items:center; gap:10px;\">\n    <span>&#x1f4de;<\/span>\n    <a href=\"tel:092242610\" style=\"font-family:'EB Garamond',serif; font-size:16px; color:#1a2a6c; text-decoration:none;\">092 242 610<\/a>\n  <\/div>\n  <div style=\"display:flex; align-items:center; gap:10px;\">\n    <span>&#x2709;<\/span>\n    <a href=\"mailto:info@acasadegalicia.uy\" style=\"font-family:'EB Garamond',serif; font-size:16px; color:#1a2a6c; text-decoration:none;\">info@acasadegalicia.uy<\/a>\n  <\/div>\n<\/div>\n\n\n<style>.wp-block-kadence-advanced-form2000-cpt-id, .wp-block-kadence-advanced-form2000-cpt-id.kb-form-has-background{margin-right:var(--global-kb-spacing-xxs, 0.5rem);margin-bottom:var(--global-kb-spacing-xxs, 0.5rem);margin-left:var(--global-kb-spacing-xxs, 0.5rem);}.wp-block-kadence-advanced-form2000-cpt-id{max-width:1406px;}.wp-block-kadence-advanced-form2000-cpt-id .kb-advanced-form input[type=text],.wp-block-kadence-advanced-form2000-cpt-id .kb-advanced-form input[type=tel],.wp-block-kadence-advanced-form2000-cpt-id .kb-advanced-form input[type=number],.wp-block-kadence-advanced-form2000-cpt-id .kb-advanced-form input[type=date],.wp-block-kadence-advanced-form2000-cpt-id .kb-advanced-form input[type=time],.wp-block-kadence-advanced-form2000-cpt-id .kb-advanced-form input[type=email],.wp-block-kadence-advanced-form2000-cpt-id .kb-advanced-form input[type=file],.wp-block-kadence-advanced-form2000-cpt-id .kb-advanced-form select,.wp-block-kadence-advanced-form2000-cpt-id .kb-advanced-form textarea{border-top:0px solid #B9B9C5;border-right:0px solid #B9B9C5;border-bottom:2px solid #B9B9C5;border-left:0px solid #B9B9C5;border-top-left-radius:0px;border-top-right-radius:0px;border-bottom-right-radius:0px;border-bottom-left-radius:0px;box-shadow:0px 0px 0px 0px rgba(0, 0, 0, 0);}.wp-block-kadence-advanced-form2000-cpt-id{--kb-form-border-width:0px;--kb-form-border-color:#B9B9C5;}.wp-block-kadence-advanced-form2000-cpt-id input[type=text]:focus,.wp-block-kadence-advanced-form2000-cpt-id input[type=email]:focus,.wp-block-kadence-advanced-form2000-cpt-id input[type=tel]:focus,.wp-block-kadence-advanced-form2000-cpt-id input[type=date]:focus,.wp-block-kadence-advanced-form2000-cpt-id input[type=number]:focus,.wp-block-kadence-advanced-form2000-cpt-id input[type=time]:focus,.wp-block-kadence-advanced-form2000-cpt-id input[type=file]:focus,.wp-block-kadence-advanced-form2000-cpt-id select:focus,.wp-block-kadence-advanced-form2000-cpt-id textarea:focus{border-color:var(--global-palette1, #3182CE);box-shadow:0px 0px 0px 0px rgba(0, 0, 0, 0);}.wp-block-kadence-advanced-form2000-cpt-id .kb-adv-form-field .kb-adv-form-label{color:#909097;}.wp-block-kadence-advanced-form2000-cpt-id .kb-adv-form-success{color:var(--global-palette2, #2B6CB0);}.wp-block-kadence-advanced-form2000-cpt-id .kb-adv-form-warning{color:var(--global-palette2, #2B6CB0);}@media all and (max-width: 1024px){.wp-block-kadence-advanced-form2000-cpt-id .kb-advanced-form input[type=text],.wp-block-kadence-advanced-form2000-cpt-id .kb-advanced-form input[type=tel],.wp-block-kadence-advanced-form2000-cpt-id .kb-advanced-form input[type=number],.wp-block-kadence-advanced-form2000-cpt-id .kb-advanced-form input[type=date],.wp-block-kadence-advanced-form2000-cpt-id .kb-advanced-form input[type=time],.wp-block-kadence-advanced-form2000-cpt-id .kb-advanced-form input[type=email],.wp-block-kadence-advanced-form2000-cpt-id .kb-advanced-form input[type=file],.wp-block-kadence-advanced-form2000-cpt-id .kb-advanced-form select,.wp-block-kadence-advanced-form2000-cpt-id .kb-advanced-form textarea{border-top:0px solid #B9B9C5;border-right:0px solid #B9B9C5;border-bottom:2px solid #B9B9C5;border-left:0px solid #B9B9C5;}}@media all and (max-width: 767px){.wp-block-kadence-advanced-form2000-cpt-id .kb-advanced-form input[type=text],.wp-block-kadence-advanced-form2000-cpt-id .kb-advanced-form input[type=tel],.wp-block-kadence-advanced-form2000-cpt-id .kb-advanced-form input[type=number],.wp-block-kadence-advanced-form2000-cpt-id .kb-advanced-form input[type=date],.wp-block-kadence-advanced-form2000-cpt-id .kb-advanced-form input[type=time],.wp-block-kadence-advanced-form2000-cpt-id .kb-advanced-form input[type=email],.wp-block-kadence-advanced-form2000-cpt-id .kb-advanced-form input[type=file],.wp-block-kadence-advanced-form2000-cpt-id .kb-advanced-form select,.wp-block-kadence-advanced-form2000-cpt-id .kb-advanced-form textarea{border-top:0px solid #B9B9C5;border-right:0px solid #B9B9C5;border-bottom:2px solid #B9B9C5;border-left:0px solid #B9B9C5;}}<\/style><div class=\"wp-block-kadence-advanced-form wp-block-kadence-advanced-form2000-cpt-id kb-adv-form-label-style-float kb-adv-form-input-size-standard kb-form-basic-style wp-block-kadence-advanced-form\"><form id=\"kb-adv-form-2000-cpt-id\" class=\"kb-advanced-form\" method=\"post\">\n<style>.kb-row-layout-id1861_e2e25d-01 > .kt-row-column-wrap{align-content:start;}:where(.kb-row-layout-id1861_e2e25d-01 > .kt-row-column-wrap) > .wp-block-kadence-column{justify-content:start;}.kb-row-layout-id1861_e2e25d-01 > .kt-row-column-wrap{column-gap:var(--global-kb-gap-md, 2rem);row-gap:var(--global-kb-gap-md, 2rem);padding-top:0px;padding-right:0px;padding-bottom:0px;padding-left:0px;grid-template-columns:repeat(2, minmax(0, 1fr));}.kb-row-layout-id1861_e2e25d-01 > .kt-row-layout-overlay{opacity:0.30;}@media all and (max-width: 1024px){.kb-row-layout-id1861_e2e25d-01 > .kt-row-column-wrap{grid-template-columns:repeat(2, minmax(0, 1fr));}}@media all and (max-width: 767px){.kb-row-layout-id1861_e2e25d-01 > .kt-row-column-wrap{grid-template-columns:minmax(0, 1fr);}}<\/style><div class=\"kb-row-layout-wrap kb-row-layout-id1861_e2e25d-01 alignnone wp-block-kadence-rowlayout\"><div class=\"kt-row-column-wrap kt-has-2-columns kt-row-layout-equal kt-tab-layout-inherit kt-mobile-layout-row kt-row-valign-top\">\n<style>.kadence-column1861_7e0bbf-71 > .kt-inside-inner-col,.kadence-column1861_7e0bbf-71 > .kt-inside-inner-col:before{border-top-left-radius:0px;border-top-right-radius:0px;border-bottom-right-radius:0px;border-bottom-left-radius:0px;}.kadence-column1861_7e0bbf-71 > .kt-inside-inner-col{column-gap:var(--global-kb-gap-sm, 1rem);}.kadence-column1861_7e0bbf-71 > .kt-inside-inner-col{flex-direction:column;}.kadence-column1861_7e0bbf-71 > .kt-inside-inner-col > .aligncenter{width:100%;}.kadence-column1861_7e0bbf-71 > .kt-inside-inner-col:before{opacity:0.3;}.kadence-column1861_7e0bbf-71{position:relative;}@media all and (max-width: 1024px){.kadence-column1861_7e0bbf-71 > .kt-inside-inner-col{flex-direction:column;justify-content:center;}}@media all and (max-width: 767px){.kadence-column1861_7e0bbf-71 > .kt-inside-inner-col{flex-direction:column;justify-content:center;}}<\/style>\n<div class=\"wp-block-kadence-column kadence-column1861_7e0bbf-71\"><div class=\"kt-inside-inner-col\"><div class=\"kb-adv-form-field kb-adv-form-text-type-input kb-adv-form-infield-type-input kb-field2000e8b902-e0 wp-block-kadence-advanced-form-text\"><label class=\"kb-adv-form-label\" for=\"field2000e8b902-e0\">Nombre y apellido<\/label><input name=\"fielde8b902-e0\" id=\"field2000e8b902-e0\" data-label=\"Nombre y apellido\" type=\"text\" placeholder=\"\" value=\"\" data-type=\"text\" class=\"kb-field kb-text-field\" data-required=\"no\" \/><\/div><\/div><\/div>\n\n\n<style>.kadence-column1861_b9036b-e3 > .kt-inside-inner-col,.kadence-column1861_b9036b-e3 > .kt-inside-inner-col:before{border-top-left-radius:0px;border-top-right-radius:0px;border-bottom-right-radius:0px;border-bottom-left-radius:0px;}.kadence-column1861_b9036b-e3 > .kt-inside-inner-col{column-gap:var(--global-kb-gap-sm, 1rem);}.kadence-column1861_b9036b-e3 > .kt-inside-inner-col{flex-direction:column;}.kadence-column1861_b9036b-e3 > .kt-inside-inner-col > .aligncenter{width:100%;}.kadence-column1861_b9036b-e3 > .kt-inside-inner-col:before{opacity:0.3;}.kadence-column1861_b9036b-e3{position:relative;}@media all and (max-width: 1024px){.kadence-column1861_b9036b-e3 > .kt-inside-inner-col{flex-direction:column;justify-content:center;}}@media all and (max-width: 767px){.kadence-column1861_b9036b-e3 > .kt-inside-inner-col{flex-direction:column;justify-content:center;}}<\/style>\n<div class=\"wp-block-kadence-column kadence-column1861_b9036b-e3\"><div class=\"kt-inside-inner-col\"><div class=\"kb-adv-form-field kb-adv-form-text-type-input kb-adv-form-infield-type-input kb-field200060915e-4f wp-block-kadence-advanced-form-email\"><label class=\"kb-adv-form-label\" for=\"field200060915e-4f\">Email<span class=\"kb-adv-form-required\">*<\/span><\/label><input name=\"field60915e-4f\" id=\"field200060915e-4f\" data-label=\"Email\" type=\"email\" placeholder=\"\" value=\"\" data-type=\"email\" class=\"kb-field kb-email-field\" data-required=\"yes\" required aria-required=\"true\"\/><\/div><\/div><\/div>\n\n<\/div><\/div>\n\n<style>.kb-row-layout-id1861_239b16-c2 > .kt-row-column-wrap{align-content:start;}:where(.kb-row-layout-id1861_239b16-c2 > .kt-row-column-wrap) > .wp-block-kadence-column{justify-content:start;}.kb-row-layout-id1861_239b16-c2 > .kt-row-column-wrap{column-gap:var(--global-kb-gap-md, 2rem);row-gap:var(--global-kb-gap-md, 2rem);padding-top:0px;padding-right:0px;padding-bottom:0px;padding-left:0px;grid-template-columns:repeat(2, minmax(0, 1fr));}.kb-row-layout-id1861_239b16-c2 > .kt-row-layout-overlay{opacity:0.30;}@media all and (max-width: 1024px){.kb-row-layout-id1861_239b16-c2 > .kt-row-column-wrap{grid-template-columns:repeat(2, minmax(0, 1fr));}}@media all and (max-width: 767px){.kb-row-layout-id1861_239b16-c2 > .kt-row-column-wrap{grid-template-columns:minmax(0, 1fr);}}<\/style><div class=\"kb-row-layout-wrap kb-row-layout-id1861_239b16-c2 alignnone wp-block-kadence-rowlayout\"><div class=\"kt-row-column-wrap kt-has-2-columns kt-row-layout-equal kt-tab-layout-inherit kt-mobile-layout-row kt-row-valign-top\">\n<style>.kadence-column1861_216281-c1 > .kt-inside-inner-col,.kadence-column1861_216281-c1 > .kt-inside-inner-col:before{border-top-left-radius:0px;border-top-right-radius:0px;border-bottom-right-radius:0px;border-bottom-left-radius:0px;}.kadence-column1861_216281-c1 > .kt-inside-inner-col{column-gap:var(--global-kb-gap-sm, 1rem);}.kadence-column1861_216281-c1 > .kt-inside-inner-col{flex-direction:column;}.kadence-column1861_216281-c1 > .kt-inside-inner-col > .aligncenter{width:100%;}.kadence-column1861_216281-c1 > .kt-inside-inner-col:before{opacity:0.3;}.kadence-column1861_216281-c1{position:relative;}@media all and (max-width: 1024px){.kadence-column1861_216281-c1 > .kt-inside-inner-col{flex-direction:column;justify-content:center;}}@media all and (max-width: 767px){.kadence-column1861_216281-c1 > .kt-inside-inner-col{flex-direction:column;justify-content:center;}}<\/style>\n<div class=\"wp-block-kadence-column kadence-column1861_216281-c1\"><div class=\"kt-inside-inner-col\"><div class=\"kb-adv-form-field kb-adv-form-text-type-input kb-adv-form-infield-type-input kb-field20006145c0-43 wp-block-kadence-advanced-form-telephone\"><label class=\"kb-adv-form-label\" for=\"field20006145c0-43\">Tel\u00e9fono<\/label><input name=\"field6145c0-43\" id=\"field20006145c0-43\" data-label=\"Tel\u00e9fono\" type=\"tel\" placeholder=\"\" value=\"\" data-type=\"tel\" class=\"kb-field kb-tel-field\" data-required=\"no\" \/><\/div><\/div><\/div>\n\n\n<style>.kadence-column1861_d380d3-34 > .kt-inside-inner-col,.kadence-column1861_d380d3-34 > .kt-inside-inner-col:before{border-top-left-radius:0px;border-top-right-radius:0px;border-bottom-right-radius:0px;border-bottom-left-radius:0px;}.kadence-column1861_d380d3-34 > .kt-inside-inner-col{column-gap:var(--global-kb-gap-sm, 1rem);}.kadence-column1861_d380d3-34 > .kt-inside-inner-col{flex-direction:column;}.kadence-column1861_d380d3-34 > .kt-inside-inner-col > .aligncenter{width:100%;}.kadence-column1861_d380d3-34 > .kt-inside-inner-col:before{opacity:0.3;}.kadence-column1861_d380d3-34{position:relative;}@media all and (max-width: 1024px){.kadence-column1861_d380d3-34 > .kt-inside-inner-col{flex-direction:column;justify-content:center;}}@media all and (max-width: 767px){.kadence-column1861_d380d3-34 > .kt-inside-inner-col{flex-direction:column;justify-content:center;}}<\/style>\n<div class=\"wp-block-kadence-column kadence-column1861_d380d3-34\"><div class=\"kt-inside-inner-col\"><div class=\"kb-adv-form-field kb-adv-form-infield-type-input kb-field20006f39df-e9 wp-block-kadence-advanced-form-select\"><label class=\"kb-adv-form-label\" for=\"field20006f39df-e9\">Motivo de consulta<\/label><select  name=\"field6f39df-e9\" id=\"field20006f39df-e9\" ><option value=\"Informaci\u00f3n general\">Informaci\u00f3n general<\/option><option value=\"Archivo hist\u00f3rico \">Archivo hist\u00f3rico <\/option><option value=\"Pedido de informaci\u00f3n\">Pedido de informaci\u00f3n<\/option><\/select><\/div><\/div><\/div>\n\n<\/div><\/div>\n\n<div class=\"kb-adv-form-field kb-adv-form-text-type-input kb-adv-form-infield-type-input kb-field20004a7bcf-7a wp-block-kadence-advanced-form-textarea\"><label class=\"kb-adv-form-label\" for=\"field20004a7bcf-7a\">Mensaje<span class=\"kb-adv-form-required\">*<\/span><\/label><textarea name=\"field4a7bcf-7a\" id=\"field20004a7bcf-7a\" rows=\"3\"  data-label=\"Mensaje\" placeholder=\"\" data-type=\"textarea\" class=\"kb-field kb-textarea-field\" data-required=\"yes\" required aria-required=\"true\"><\/textarea><\/div>\n\n<div class=\"kb-adv-form-field kb-fielddbf064-7f wp-block-kadence-advanced-form-captcha\"><div class=\"h-captcha\" data-language=\"\" data-size=\"normal\" data-theme=\"light\" data-sitekey=\"b13ea372-2044-4b8e-a8c8-792e8be04a8c\"><\/div><\/div>\n\n<style>ul.menu .kb-submit-field .kb-btna50eec-04.kb-button{width:initial;}.kb-submit-field.kb-fielda50eec-04{justify-content:flex-start;}<\/style><div class=\"kb-adv-form-field kb-submit-field kb-fielda50eec-04 wp-block-kadence-advanced-form-submit\"><button class=\"kb-button kt-button button kb-adv-form-submit-button kb-btna50eec-04 kt-btn-size-standard kt-btn-width-type-auto kb-btn-global-fill kt-btn-has-text-true kt-btn-has-svg-false\" type=\"submit\"><span class=\"kt-btn-inner-text\">Enviar<\/span><\/button><\/div>\n<input type=\"hidden\" name=\"_kb_adv_form_post_id\" value=\"2000\"><input type=\"hidden\" name=\"action\" value=\"kb_process_advanced_form_submit\"><input type=\"hidden\" name=\"_kb_adv_form_id\" value=\"2000-cpt-id\"><\/form><\/div><\/div>\n<\/div><\/div>\n\n\n\n<div style=\"background:#1a2a6c; padding:52px 40px; text-align:center; border-top:3px solid #c0111a; margin-top:15px;\">\n  <h2 style=\"font-family:'Cinzel',serif; font-size:30px; color:white; font-weight:600; margin-bottom:12px; letter-spacing:1px;\">Sumate a A Casa de Galicia<\/h2>\n  <p style=\"color:rgba(255,255,255,0.65); font-size:20px; margin-bottom:24px; font-family:'EB Garamond',serif; line-height:1.7;\">Ser socio te da acceso a todas las actividades, eventos<br>y a formar parte de nuestra historia compartida.<\/p>\n  <div style=\"display:flex; justify-content:center; gap:28px; margin-bottom:28px; flex-wrap:wrap;\">\n    <span style=\"color:rgba(255,255,255,0.7); font-size:17px; font-family:'EB Garamond',serif;\"><span style=\"color:#e8a0a4;\">\u2713<\/span> Acceso a todos los cursos<\/span>\n    <span style=\"color:rgba(255,255,255,0.7); font-size:17px; font-family:'EB Garamond',serif;\"><span style=\"color:#e8a0a4;\">\u2713<\/span> Eventos con beneficios exclusivos<\/span>\n    <span style=\"color:rgba(255,255,255,0.7); font-size:17px; font-family:'EB Garamond',serif;\"><span style=\"color:#e8a0a4;\">\u2713<\/span> Comunidad activa<\/span>\n    <span style=\"color:rgba(255,255,255,0.7); font-size:17px; font-family:'EB Garamond',serif;\"><span style=\"color:#e8a0a4;\">\u2713<\/span> Mucho m\u00e1s<\/span>\n  <\/div>\n  <a href=\"https:\/\/acasadegalicia.uy\/gestion\/public\/members\/new.php\" style=\"display:inline-block; background:#c0111a; color:white; padding:14px 36px; font-family:'Cinzel',serif; font-size:15px; letter-spacing:2px; text-decoration:none; border-radius:2px;\">QUIERO ASOCIARME<\/a>\n<\/div>\n","protected":false},"excerpt":{"rendered":"<p>&#x1f3b6; M\u00daSICA TRADICIONAL Clases de canto, pandereta y instrumentos gallegos tradicionales. &#x1f4da; LENGUA Y CULTURA Actvidades culturales en gallego, historia y patrimonio de la emigraci\u00f3n gallega. &#x1f91d; COMUNIDAD Encuentros, celebraciones,&#8230;<\/p>\n","protected":false},"author":1,"featured_media":0,"parent":0,"menu_order":0,"comment_status":"closed","ping_status":"closed","template":"","meta":{"_themeisle_gutenberg_block_has_review":false,"_kad_post_transparent":"","_kad_post_title":"","_kad_post_layout":"","_kad_post_sidebar_id":"","_kad_post_content_style":"","_kad_post_vertical_padding":"","_kad_post_feature":"","_kad_post_feature_position":"","_kad_post_header":false,"_kad_post_footer":false,"_kad_post_classname":"","footnotes":""},"class_list":["post-1861","page","type-page","status-publish","hentry"],"_links":{"self":[{"href":"https:\/\/acasadegalicia.uy\/sitio\/wp-json\/wp\/v2\/pages\/1861","targetHints":{"allow":["GET"]}}],"collection":[{"href":"https:\/\/acasadegalicia.uy\/sitio\/wp-json\/wp\/v2\/pages"}],"about":[{"href":"https:\/\/acasadegalicia.uy\/sitio\/wp-json\/wp\/v2\/types\/page"}],"author":[{"embeddable":true,"href":"https:\/\/acasadegalicia.uy\/sitio\/wp-json\/wp\/v2\/users\/1"}],"replies":[{"embeddable":true,"href":"https:\/\/acasadegalicia.uy\/sitio\/wp-json\/wp\/v2\/comments?post=1861"}],"version-history":[{"count":72,"href":"https:\/\/acasadegalicia.uy\/sitio\/wp-json\/wp\/v2\/pages\/1861\/revisions"}],"predecessor-version":[{"id":2179,"href":"https:\/\/acasadegalicia.uy\/sitio\/wp-json\/wp\/v2\/pages\/1861\/revisions\/2179"}],"wp:attachment":[{"href":"https:\/\/acasadegalicia.uy\/sitio\/wp-json\/wp\/v2\/media?parent=1861"}],"curies":[{"name":"wp","href":"https:\/\/api.w.org\/{rel}","templated":true}]}}